{"id":1703,"date":"2022-08-31T04:40:04","date_gmt":"2022-08-31T04:40:04","guid":{"rendered":"https:\/\/consejoguerrero.gob.mx\/cpp\/?page_id=1703"},"modified":"2023-05-23T18:06:44","modified_gmt":"2023-05-23T18:06:44","slug":"directorio","status":"publish","type":"page","link":"https:\/\/consejoguerrero.gob.mx\/cpp\/directorio","title":{"rendered":"Organo Asesor"},"content":{"rendered":"\n<p class=\" eplus-wrapper\"><\/p>\n\n\n\n<h2 class=\" wp-block-heading eplus-wrapper\">\u00d3rgano asesor del Consejo Guerrero<\/h2>\n\n\n<div class=\"contact-list-container contact-list-embed-69f559f5be828 contact-list-4-cards-on-the-same-row\" data-elem-class=\"contact-list-embed-69f559f5be828\" data-search-type=\"0\" data-post-id=\"1703\"><div class=\"contact-list-text-contact\" style=\"display: none;\">contact<\/div><div class=\"contact-list-text-contacts\" style=\"display: none;\">contacts<\/div><div class=\"contact-list-text-found\" style=\"display: none;\">found<\/div><input type=\"text\" id=\"search-contacts\" class=\"contact-list-search-contacts\" placeholder=\"Search contacts...\" data-elem-class=\"contact-list-embed-69f559f5be828\" \/><form method=\"get\" action=\".\/\" class=\"contact-list-ajax-form\" data-elem-class=\"contact-list-embed-69f559f5be828\"><input type=\"hidden\" name=\"cl_atts\" value='a:1:{s:12:&quot;show_filters&quot;;s:1:&quot;1&quot;;}'><select name=\"cl_1\" class=\"cl_select_v2 contact-list-cat1-sel\" data-link-country-and-state=\"0\"><option value=\"\">Select country<\/option><option value=\"M\u00e9xico\" >M\u00e9xico<\/option><\/select><select name=\"cl_2\" class=\"cl_select_v2 contact-list-cat2-sel\" data-select-value=\"Select state\" data-current-value=\"\"><option value=\"\">Select state<\/option><option value=\"\" ><\/option><option value=\"Guerrero\" >Guerrero<\/option><\/select><select name=\"cl_3\" class=\"cl_select_v2 contact-list-cat3-sel\" data-select-value=\"Select city\" data-current-value=\"\"><option value=\"\">Select city<\/option><option value=\"\" ><\/option><option value=\"Acapulco\" >Acapulco<\/option><option value=\"Chilpancingo\" >Chilpancingo<\/option><option value=\"Chilpancingo de los Bravo\" >Chilpancingo de los Bravo<\/option><option value=\"Coyuca de Benitez\" >Coyuca de Benitez<\/option><option value=\"Iguala\" >Iguala<\/option><option value=\"Juan R. Escudero\" >Juan R. Escudero<\/option><option value=\"San Jer\u00f3nimo de Ju\u00e1rez\" >San Jer\u00f3nimo de Ju\u00e1rez<\/option><option value=\"Tecpan de Galeana\" >Tecpan de Galeana<\/option><\/select><select name=\"cl_cat\" class=\"cl_select_v2\"><option value=\"\">Select category<\/option><option value=\"asociaciones-civiles\" >Asociaciones Civiles<\/option><option value=\"estatal\" >Estatal<\/option><option value=\"municipales\" >Municipales<\/option><option value=\"personas\" >Personas Distinguidas<\/option><option value=\"sector-publico\" >Sector P\u00fablico<\/option><\/select><hr class=\"clear\" \/><\/form><div class=\"contact-list-search-results-container\"><div class=\"contact-list-basic-nothing-found\">No contacts found.<\/div><div class=\"contact-list-basic-all-contacts-container\"><div class=\"contact-list-basic-contacts-found\"><\/div><div id=\"contact-list-search\"><ul id=\"all-contacts\">\n<li id=\"cl-2137\">\n\n    \n  <div class=\"contact-list-contact-container \">\n  \n    <div class=\"contact-list-main-left\">\n      \n      <div class=\"contact-list-main-elements\">\n        \n        <div class=\"contact-list-hidden-name\">Chilpancingo Coparmex<\/div><span class=\"contact-list-contact-name\">Coparmex Chilpancingo<\/span> <span class=\"contact-list-job-title\"><\/span>    <span class=\"contact-list-contact-groups-v2-title\">Grupos<\/span><div class=\"contact-list-contact-groups-v2\"><span class=\"contact-list-card-group\">Asociaciones Civiles<\/span><\/div> <div class=\"contact-list-address\"><span class=\"contact-list-address-title\">Address<\/span><\/div> <div class=\"contact-list-custom-fields-container\"><div class=\"contact-list-custom-field-1\"><div class=\"contact-list-custom-field-value\"><a href=\"https:\/\/coparmexchilpancingo.org.mx\/\" target=\"_blank\" title=\"https:\/\/coparmexchilpancingo.org.mx\/\">https:\/\/coparmexchilpancingo.org.mx\/<\/a><\/div><\/div><\/div>  <div class=\"contact-list-some-elements\"><a href=\"https:\/\/www.facebook.com\/Coparmex-Chilpancingo-Oficial-516282841845532\" target=\"_blank\"><img decoding=\"async\" src=\"https:\/\/consejoguerrero.gob.mx\/cpp\/wp-content\/plugins\/contact-list\/public\/..\/img\/facebook.svg\"  alt=\"Facebook\" \/><\/a><a href=\"https:\/\/twitter.com\/coparmex_chilpo\" target=\"_blank\"><img decoding=\"async\" src=\"https:\/\/consejoguerrero.gob.mx\/cpp\/wp-content\/plugins\/contact-list\/public\/..\/img\/x.svg\" alt=\"X\" \/><\/a><hr class=\"clear\" \/><\/div>   \n      <\/div>\n    \n    <\/div>\n    \n    <div class=\"contact-list-main-right\">\n  \n      <div class=\"contact-list-image contact-list-image-sepia contact-list-image-shadow\"><img decoding=\"async\" src=\"https:\/\/consejoguerrero.gob.mx\/cpp\/wp-content\/uploads\/2023\/05\/82502241_1688620821278389_971159764245413888_n-280x280.jpg\" alt=\"\" \/><\/div>  \n    <\/div>\n\n    <div class=\"contact-list-main-bottom\">\n    \n          \n    <\/div>\n  \n  <\/div>\n  \n  \n<\/li>\n\n<li id=\"cl-2105\">\n\n    \n  <div class=\"contact-list-contact-container \">\n  \n    <div class=\"contact-list-main-left\">\n      \n      <div class=\"contact-list-main-elements\">\n        \n        <div class=\"contact-list-hidden-name\">de Acapulco Gobierno Municipal<\/div><span class=\"contact-list-contact-name\">Gobierno Municipal de Acapulco<\/span> <span class=\"contact-list-job-title\"><\/span>    <span class=\"contact-list-contact-groups-v2-title\">Grupos<\/span><div class=\"contact-list-contact-groups-v2\"><span class=\"contact-list-card-group\">Municipales<\/span><span class=\"contact-list-card-group\">Sector P\u00fablico<\/span><\/div> <div class=\"contact-list-address\"><span class=\"contact-list-address-title\">Address<\/span><span class=\"contact-list-address-country-and-state\">Acapulco, Guerrero, M\u00e9xico<\/span><\/div> <div class=\"contact-list-custom-fields-container\"><div class=\"contact-list-custom-field-1\"><div class=\"contact-list-custom-field-value\"><a href=\"http:\/\/acapulco.gob.mx\" target=\"_blank\" title=\"acapulco.gob.mx\">acapulco.gob.mx<\/a><\/div><\/div><\/div>  <div class=\"contact-list-some-elements\"><a href=\"https:\/\/www.facebook.com\/AcapulcoGob\/\" target=\"_blank\"><img decoding=\"async\" src=\"https:\/\/consejoguerrero.gob.mx\/cpp\/wp-content\/plugins\/contact-list\/public\/..\/img\/facebook.svg\"  alt=\"Facebook\" \/><\/a><a href=\"https:\/\/www.instagram.com\/gobiernoacapulco\/\" target=\"_blank\"><img decoding=\"async\" src=\"https:\/\/consejoguerrero.gob.mx\/cpp\/wp-content\/plugins\/contact-list\/public\/..\/img\/instagram.svg\" alt=\"Instagram\" \/><\/a><a href=\"https:\/\/twitter.com\/AcapulcoGob\" target=\"_blank\"><img decoding=\"async\" src=\"https:\/\/consejoguerrero.gob.mx\/cpp\/wp-content\/plugins\/contact-list\/public\/..\/img\/x.svg\" alt=\"X\" \/><\/a><a href=\"https:\/\/mx.linkedin.com\/company\/gobiernodeacapulco\" target=\"_blank\"><img decoding=\"async\" src=\"https:\/\/consejoguerrero.gob.mx\/cpp\/wp-content\/plugins\/contact-list\/public\/..\/img\/linkedin.svg\" alt=\"LinkedIn\" \/><\/a><hr class=\"clear\" \/><\/div>   \n      <\/div>\n    \n    <\/div>\n    \n    <div class=\"contact-list-main-right\">\n  \n      <div class=\"contact-list-image contact-list-image-sepia contact-list-image-shadow\"><img decoding=\"async\" src=\"https:\/\/consejoguerrero.gob.mx\/cpp\/wp-content\/uploads\/2023\/05\/Escudo_de_Acapulco-280x421.png\" alt=\"\" \/><\/div>  \n    <\/div>\n\n    <div class=\"contact-list-main-bottom\">\n    \n          \n    <\/div>\n  \n  <\/div>\n  \n  \n<\/li>\n\n<li id=\"cl-2108\">\n\n    \n  <div class=\"contact-list-contact-container \">\n  \n    <div class=\"contact-list-main-left\">\n      \n      <div class=\"contact-list-main-elements\">\n        \n        <div class=\"contact-list-hidden-name\">de Benito Ju\u00e1rez Gobierno Municipal<\/div><span class=\"contact-list-contact-name\">Gobierno Municipal de Benito Ju\u00e1rez<\/span> <span class=\"contact-list-job-title\"><\/span>    <span class=\"contact-list-contact-groups-v2-title\">Grupos<\/span><div class=\"contact-list-contact-groups-v2\"><span class=\"contact-list-card-group\">Municipales<\/span><span class=\"contact-list-card-group\">Sector P\u00fablico<\/span><\/div> <div class=\"contact-list-address\"><span class=\"contact-list-address-title\">Address<\/span><span class=\"contact-list-address-country-and-state\">San Jer\u00f3nimo de Ju\u00e1rez, Guerrero, M\u00e9xico<\/span><\/div> <div class=\"contact-list-custom-fields-container\"><\/div>  <div class=\"contact-list-some-elements\"><a href=\"https:\/\/www.facebook.com\/BJGobiernoMunicipal\/\" target=\"_blank\"><img decoding=\"async\" src=\"https:\/\/consejoguerrero.gob.mx\/cpp\/wp-content\/plugins\/contact-list\/public\/..\/img\/facebook.svg\"  alt=\"Facebook\" \/><\/a><a href=\"https:\/\/twitter.com\/benitojuarezgro\" target=\"_blank\"><img decoding=\"async\" src=\"https:\/\/consejoguerrero.gob.mx\/cpp\/wp-content\/plugins\/contact-list\/public\/..\/img\/x.svg\" alt=\"X\" \/><\/a><hr class=\"clear\" \/><\/div>   \n      <\/div>\n    \n    <\/div>\n    \n    <div class=\"contact-list-main-right\">\n  \n      <div class=\"contact-list-image contact-list-image-sepia contact-list-image-shadow\"><img decoding=\"async\" src=\"https:\/\/consejoguerrero.gob.mx\/cpp\/wp-content\/uploads\/2023\/05\/Gob-Benito-Juarez-280x370.gif\" alt=\"\" \/><\/div>  \n    <\/div>\n\n    <div class=\"contact-list-main-bottom\">\n    \n          \n    <\/div>\n  \n  <\/div>\n  \n  \n<\/li>\n\n<li id=\"cl-2110\">\n\n    \n  <div class=\"contact-list-contact-container \">\n  \n    <div class=\"contact-list-main-left\">\n      \n      <div class=\"contact-list-main-elements\">\n        \n        <div class=\"contact-list-hidden-name\">de Chilpancingo Gobierno Municipal<\/div><span class=\"contact-list-contact-name\">Gobierno Municipal de Chilpancingo<\/span> <span class=\"contact-list-job-title\"><\/span>    <span class=\"contact-list-contact-groups-v2-title\">Grupos<\/span><div class=\"contact-list-contact-groups-v2\"><span class=\"contact-list-card-group\">Municipales<\/span><span class=\"contact-list-card-group\">Sector P\u00fablico<\/span><\/div> <div class=\"contact-list-address\"><span class=\"contact-list-address-title\">Address<\/span><span class=\"contact-list-address-country-and-state\">Chilpancingo de los Bravo, Guerrero, M\u00e9xico<\/span><\/div> <div class=\"contact-list-custom-fields-container\"><div class=\"contact-list-custom-field-1\"><div class=\"contact-list-custom-field-value\"><a href=\"https:\/\/chilpancingo.gob.mx\" target=\"_blank\" title=\"https:\/\/chilpancingo.gob.mx\">https:\/\/chilpancingo.gob.mx<\/a><\/div><\/div><\/div>  <div class=\"contact-list-some-elements\"><a href=\"https:\/\/www.facebook.com\/H.AyuntamientodeChilpancingo\/\" target=\"_blank\"><img decoding=\"async\" src=\"https:\/\/consejoguerrero.gob.mx\/cpp\/wp-content\/plugins\/contact-list\/public\/..\/img\/facebook.svg\"  alt=\"Facebook\" \/><\/a><hr class=\"clear\" \/><\/div>   \n      <\/div>\n    \n    <\/div>\n    \n    <div class=\"contact-list-main-right\">\n  \n      <div class=\"contact-list-image contact-list-image-sepia contact-list-image-shadow\"><img decoding=\"async\" src=\"https:\/\/consejoguerrero.gob.mx\/cpp\/wp-content\/uploads\/2023\/05\/Escudo_de_Chilpancingo-280x312.jpg\" alt=\"\" \/><\/div>  \n    <\/div>\n\n    <div class=\"contact-list-main-bottom\">\n    \n          \n    <\/div>\n  \n  <\/div>\n  \n  \n<\/li>\n\n<li id=\"cl-2118\">\n\n    \n  <div class=\"contact-list-contact-container \">\n  \n    <div class=\"contact-list-main-left\">\n      \n      <div class=\"contact-list-main-elements\">\n        \n        <div class=\"contact-list-hidden-name\">de Coyuca de Benitez Gobierno Municipal<\/div><span class=\"contact-list-contact-name\">Gobierno Municipal de Coyuca de Benitez<\/span> <span class=\"contact-list-job-title\"><\/span>    <span class=\"contact-list-contact-groups-v2-title\">Grupos<\/span><div class=\"contact-list-contact-groups-v2\"><span class=\"contact-list-card-group\">Municipales<\/span><span class=\"contact-list-card-group\">Sector P\u00fablico<\/span><\/div> <div class=\"contact-list-address\"><span class=\"contact-list-address-title\">Address<\/span><span class=\"contact-list-address-country-and-state\">Coyuca de Benitez, Guerrero, M\u00e9xico<\/span><\/div> <div class=\"contact-list-custom-fields-container\"><div class=\"contact-list-custom-field-1\"><div class=\"contact-list-custom-field-value\"><a href=\"https:\/\/coyucadebenitez.gob.mx\/\" target=\"_blank\" title=\"https:\/\/coyucadebenitez.gob.mx\/\">https:\/\/coyucadebenitez.gob.mx\/<\/a><\/div><\/div><\/div>  <div class=\"contact-list-some-elements\"><a href=\"https:\/\/www.facebook.com\/GobiernoDeCoyucaDeBenitez\" target=\"_blank\"><img decoding=\"async\" src=\"https:\/\/consejoguerrero.gob.mx\/cpp\/wp-content\/plugins\/contact-list\/public\/..\/img\/facebook.svg\"  alt=\"Facebook\" \/><\/a><a href=\"https:\/\/www.instagram.com\/coyucadebenitezoficial\" target=\"_blank\"><img decoding=\"async\" src=\"https:\/\/consejoguerrero.gob.mx\/cpp\/wp-content\/plugins\/contact-list\/public\/..\/img\/instagram.svg\" alt=\"Instagram\" \/><\/a><a href=\"https:\/\/twitter.com\/GobiernoCoyuca\" target=\"_blank\"><img decoding=\"async\" src=\"https:\/\/consejoguerrero.gob.mx\/cpp\/wp-content\/plugins\/contact-list\/public\/..\/img\/x.svg\" alt=\"X\" \/><\/a><hr class=\"clear\" \/><\/div>   \n      <\/div>\n    \n    <\/div>\n    \n    <div class=\"contact-list-main-right\">\n  \n      <div class=\"contact-list-image contact-list-image-sepia contact-list-image-shadow\"><img decoding=\"async\" src=\"https:\/\/consejoguerrero.gob.mx\/cpp\/wp-content\/uploads\/2023\/05\/Coyuca-Foto-271-280x341.png\" alt=\"\" \/><\/div>  \n    <\/div>\n\n    <div class=\"contact-list-main-bottom\">\n    \n          \n    <\/div>\n  \n  <\/div>\n  \n  \n<\/li>\n\n<li id=\"cl-2122\">\n\n    \n  <div class=\"contact-list-contact-container \">\n  \n    <div class=\"contact-list-main-left\">\n      \n      <div class=\"contact-list-main-elements\">\n        \n        <div class=\"contact-list-hidden-name\">de Desarrollo y Bienestar Social Secretar\u00eda<\/div><span class=\"contact-list-contact-name\">Secretar\u00eda de Desarrollo y Bienestar Social<\/span> <span class=\"contact-list-job-title\"><\/span>    <span class=\"contact-list-contact-groups-v2-title\">Grupos<\/span><div class=\"contact-list-contact-groups-v2\"><span class=\"contact-list-card-group\">Estatal<\/span><span class=\"contact-list-card-group\">Sector P\u00fablico<\/span><\/div> <div class=\"contact-list-address\"><span class=\"contact-list-address-title\">Address<\/span><span class=\"contact-list-address-country-and-state\">Chilpancingo, Guerrero, M\u00e9xico<\/span><\/div> <div class=\"contact-list-custom-fields-container\"><div class=\"contact-list-custom-field-1\"><div class=\"contact-list-custom-field-value\"><a href=\"https:\/\/www.guerrero.gob.mx\/dependencia\/sector-central\/secretaria-del-bienestar\/\" target=\"_blank\" title=\"https:\/\/www.guerrero.gob.mx\/dependencia\/sector-central\/secretaria-del-bienestar\/\">https:\/\/www.guerrero.gob.mx\/dependencia\/sector-central\/secretaria-del-bienestar\/<\/a><\/div><\/div><\/div>  <div class=\"contact-list-some-elements\"><a href=\"https:\/\/facebook.com\/SDBSGRO\" target=\"_blank\"><img decoding=\"async\" src=\"https:\/\/consejoguerrero.gob.mx\/cpp\/wp-content\/plugins\/contact-list\/public\/..\/img\/facebook.svg\"  alt=\"Facebook\" \/><\/a><a href=\"https:\/\/twitter.com\/SDyBSGro\" target=\"_blank\"><img decoding=\"async\" src=\"https:\/\/consejoguerrero.gob.mx\/cpp\/wp-content\/plugins\/contact-list\/public\/..\/img\/x.svg\" alt=\"X\" \/><\/a><hr class=\"clear\" \/><\/div>   \n      <\/div>\n    \n    <\/div>\n    \n    <div class=\"contact-list-main-right\">\n  \n      <div class=\"contact-list-image contact-list-image-sepia contact-list-image-shadow\"><img decoding=\"async\" src=\"https:\/\/consejoguerrero.gob.mx\/cpp\/wp-content\/uploads\/2023\/05\/Guerrero_Escudo-258x440.png\" alt=\"\" \/><\/div>  \n    <\/div>\n\n    <div class=\"contact-list-main-bottom\">\n    \n          \n    <\/div>\n  \n  <\/div>\n  \n  \n<\/li>\n\n<li id=\"cl-2123\">\n\n    \n  <div class=\"contact-list-contact-container \">\n  \n    <div class=\"contact-list-main-left\">\n      \n      <div class=\"contact-list-main-elements\">\n        \n        <div class=\"contact-list-hidden-name\">de Educaci\u00f3n Secretar\u00eda<\/div><span class=\"contact-list-contact-name\">Secretar\u00eda de Educaci\u00f3n<\/span> <span class=\"contact-list-job-title\"><\/span>    <span class=\"contact-list-contact-groups-v2-title\">Grupos<\/span><div class=\"contact-list-contact-groups-v2\"><span class=\"contact-list-card-group\">Estatal<\/span><span class=\"contact-list-card-group\">Sector P\u00fablico<\/span><\/div> <div class=\"contact-list-address\"><span class=\"contact-list-address-title\">Address<\/span><span class=\"contact-list-address-country-and-state\">Chilpancingo, Guerrero, M\u00e9xico<\/span><\/div> <div class=\"contact-list-custom-fields-container\"><div class=\"contact-list-custom-field-1\"><div class=\"contact-list-custom-field-value\"><a href=\"https:\/\/www.guerrero.gob.mx\/dependencia\/sector-central\/secretaria-de-educacion-guerrero\/\" target=\"_blank\" title=\"https:\/\/www.guerrero.gob.mx\/dependencia\/sector-central\/secretaria-de-educacion-guerrero\/\">https:\/\/www.guerrero.gob.mx\/dependencia\/sector-central\/secretaria-de-educacion-guerrero\/<\/a><\/div><\/div><\/div>  <div class=\"contact-list-some-elements\"><a href=\"https:\/\/www.facebook.com\/EducacionGuerrero\" target=\"_blank\"><img decoding=\"async\" src=\"https:\/\/consejoguerrero.gob.mx\/cpp\/wp-content\/plugins\/contact-list\/public\/..\/img\/facebook.svg\"  alt=\"Facebook\" \/><\/a><a href=\"https:\/\/twitter.com\/EducGuerrero\" target=\"_blank\"><img decoding=\"async\" src=\"https:\/\/consejoguerrero.gob.mx\/cpp\/wp-content\/plugins\/contact-list\/public\/..\/img\/x.svg\" alt=\"X\" \/><\/a><hr class=\"clear\" \/><\/div>   \n      <\/div>\n    \n    <\/div>\n    \n    <div class=\"contact-list-main-right\">\n  \n      <div class=\"contact-list-image contact-list-image-sepia contact-list-image-shadow\"><img decoding=\"async\" src=\"https:\/\/consejoguerrero.gob.mx\/cpp\/wp-content\/uploads\/2023\/05\/Guerrero_Escudo-258x440.png\" alt=\"\" \/><\/div>  \n    <\/div>\n\n    <div class=\"contact-list-main-bottom\">\n    \n          \n    <\/div>\n  \n  <\/div>\n  \n  \n<\/li>\n\n<li id=\"cl-2124\">\n\n    \n  <div class=\"contact-list-contact-container \">\n  \n    <div class=\"contact-list-main-left\">\n      \n      <div class=\"contact-list-main-elements\">\n        \n        <div class=\"contact-list-hidden-name\">de Fomento y Desarrollo Econ\u00f3mico Secretar\u00eda<\/div><span class=\"contact-list-contact-name\">Secretar\u00eda de Fomento y Desarrollo Econ\u00f3mico<\/span> <span class=\"contact-list-job-title\"><\/span>    <span class=\"contact-list-contact-groups-v2-title\">Grupos<\/span><div class=\"contact-list-contact-groups-v2\"><span class=\"contact-list-card-group\">Estatal<\/span><span class=\"contact-list-card-group\">Sector P\u00fablico<\/span><\/div> <div class=\"contact-list-address\"><span class=\"contact-list-address-title\">Address<\/span><span class=\"contact-list-address-country-and-state\">Chilpancingo, Guerrero, M\u00e9xico<\/span><\/div> <div class=\"contact-list-custom-fields-container\"><\/div>  <div class=\"contact-list-some-elements\"><a href=\"https:\/\/www.facebook.com\/profile.php?id=100064731881208\" target=\"_blank\"><img decoding=\"async\" src=\"https:\/\/consejoguerrero.gob.mx\/cpp\/wp-content\/plugins\/contact-list\/public\/..\/img\/facebook.svg\"  alt=\"Facebook\" \/><\/a><a href=\"https:\/\/twitter.com\/sefodecogro?lang=es\" target=\"_blank\"><img decoding=\"async\" src=\"https:\/\/consejoguerrero.gob.mx\/cpp\/wp-content\/plugins\/contact-list\/public\/..\/img\/x.svg\" alt=\"X\" \/><\/a><hr class=\"clear\" \/><\/div>   \n      <\/div>\n    \n    <\/div>\n    \n    <div class=\"contact-list-main-right\">\n  \n      <div class=\"contact-list-image contact-list-image-sepia contact-list-image-shadow\"><img decoding=\"async\" src=\"https:\/\/consejoguerrero.gob.mx\/cpp\/wp-content\/uploads\/2023\/05\/Guerrero_Escudo-258x440.png\" alt=\"\" \/><\/div>  \n    <\/div>\n\n    <div class=\"contact-list-main-bottom\">\n    \n          \n    <\/div>\n  \n  <\/div>\n  \n  \n<\/li>\n\n<li id=\"cl-2139\">\n\n    \n  <div class=\"contact-list-contact-container \">\n  \n    <div class=\"contact-list-main-left\">\n      \n      <div class=\"contact-list-main-elements\">\n        \n        <div class=\"contact-list-hidden-name\">de Guerrero Consejo de C\u00e1maras Industriales y Empresariales<\/div><span class=\"contact-list-contact-name\">Consejo de C\u00e1maras Industriales y Empresariales de Guerrero<\/span> <span class=\"contact-list-job-title\"><\/span>    <span class=\"contact-list-contact-groups-v2-title\">Grupos<\/span><div class=\"contact-list-contact-groups-v2\"><span class=\"contact-list-card-group\">Asociaciones Civiles<\/span><\/div> <div class=\"contact-list-address\"><span class=\"contact-list-address-title\">Address<\/span><span class=\"contact-list-address-country-and-state\">Acapulco, Guerrero, M\u00e9xico<\/span><\/div> <div class=\"contact-list-custom-fields-container\"><div class=\"contact-list-custom-field-1\"><div class=\"contact-list-custom-field-value\"><a href=\"http:\/\/concaingro.mx\" target=\"_blank\" title=\"http:\/\/concaingro.mx\">http:\/\/concaingro.mx<\/a><\/div><\/div><\/div>  <div class=\"contact-list-some-elements\"><a href=\"https:\/\/www.facebook.com\/concaingro\" target=\"_blank\"><img decoding=\"async\" src=\"https:\/\/consejoguerrero.gob.mx\/cpp\/wp-content\/plugins\/contact-list\/public\/..\/img\/facebook.svg\"  alt=\"Facebook\" \/><\/a><a href=\"https:\/\/twitter.com\/concaingro\" target=\"_blank\"><img decoding=\"async\" src=\"https:\/\/consejoguerrero.gob.mx\/cpp\/wp-content\/plugins\/contact-list\/public\/..\/img\/x.svg\" alt=\"X\" \/><\/a><hr class=\"clear\" \/><\/div>   \n      <\/div>\n    \n    <\/div>\n    \n    <div class=\"contact-list-main-right\">\n  \n      <div class=\"contact-list-image contact-list-image-sepia contact-list-image-shadow\"><img decoding=\"async\" src=\"https:\/\/consejoguerrero.gob.mx\/cpp\/wp-content\/uploads\/2023\/05\/nvnZfFh3_400x400-280x280.jpg\" alt=\"\" \/><\/div>  \n    <\/div>\n\n    <div class=\"contact-list-main-bottom\">\n    \n          \n    <\/div>\n  \n  <\/div>\n  \n  \n<\/li>\n\n<li id=\"cl-2131\">\n\n    \n  <div class=\"contact-list-contact-container \">\n  \n    <div class=\"contact-list-main-left\">\n      \n      <div class=\"contact-list-main-elements\">\n        \n        <div class=\"contact-list-hidden-name\">de Guerrero Promotora Tur\u00edstica<\/div><span class=\"contact-list-contact-name\">Promotora Tur\u00edstica de Guerrero<\/span> <span class=\"contact-list-job-title\"><\/span>    <span class=\"contact-list-contact-groups-v2-title\">Grupos<\/span><div class=\"contact-list-contact-groups-v2\"><span class=\"contact-list-card-group\">Estatal<\/span><span class=\"contact-list-card-group\">Sector P\u00fablico<\/span><\/div> <div class=\"contact-list-address\"><span class=\"contact-list-address-title\">Address<\/span><span class=\"contact-list-address-country-and-state\">Acapulco, Guerrero, M\u00e9xico<\/span><\/div> <div class=\"contact-list-custom-fields-container\"><div class=\"contact-list-custom-field-1\"><div class=\"contact-list-custom-field-value\"><a href=\"https:\/\/www.guerrero.gob.mx\/dependencia\/sector-paraestatal\/promotora-turistica-de-guerrero-protur\/\" target=\"_blank\" title=\"https:\/\/www.guerrero.gob.mx\/dependencia\/sector-paraestatal\/promotora-turistica-de-guerrero-protur\/\">https:\/\/www.guerrero.gob.mx\/dependencia\/sector-paraestatal\/promotora-turistica-de-guerrero-protur\/<\/a><\/div><\/div><\/div>  <div class=\"contact-list-some-elements\"><a href=\"https:\/\/www.facebook.com\/ProturGuerrero\" target=\"_blank\"><img decoding=\"async\" src=\"https:\/\/consejoguerrero.gob.mx\/cpp\/wp-content\/plugins\/contact-list\/public\/..\/img\/facebook.svg\"  alt=\"Facebook\" \/><\/a><a href=\"https:\/\/twitter.com\/proturguerrero\" target=\"_blank\"><img decoding=\"async\" src=\"https:\/\/consejoguerrero.gob.mx\/cpp\/wp-content\/plugins\/contact-list\/public\/..\/img\/x.svg\" alt=\"X\" \/><\/a><hr class=\"clear\" \/><\/div>   \n      <\/div>\n    \n    <\/div>\n    \n    <div class=\"contact-list-main-right\">\n  \n      <div class=\"contact-list-image contact-list-image-sepia contact-list-image-shadow\"><img decoding=\"async\" src=\"https:\/\/consejoguerrero.gob.mx\/cpp\/wp-content\/uploads\/2023\/05\/Guerrero_Escudo-258x440.png\" alt=\"\" \/><\/div>  \n    <\/div>\n\n    <div class=\"contact-list-main-bottom\">\n    \n          \n    <\/div>\n  \n  <\/div>\n  \n  \n<\/li>\n\n<li id=\"cl-2136\">\n\n    \n  <div class=\"contact-list-contact-container contact-list-card-full-width\">\n  \n    <div class=\"contact-list-main-left\">\n      \n      <div class=\"contact-list-main-elements\">\n        \n        <div class=\"contact-list-hidden-name\">de Guerrero A.C. Colegio de Arquitectos<\/div><span class=\"contact-list-contact-name\">Colegio de Arquitectos de Guerrero A.C.<\/span> <span class=\"contact-list-job-title\"><\/span>    <span class=\"contact-list-contact-groups-v2-title\">Grupos<\/span><div class=\"contact-list-contact-groups-v2\"><span class=\"contact-list-card-group\">Asociaciones Civiles<\/span><\/div> <div class=\"contact-list-address\"><span class=\"contact-list-address-title\">Address<\/span><\/div> <div class=\"contact-list-custom-fields-container\"><\/div>  <div class=\"contact-list-some-elements\"><a href=\"https:\/\/es-la.facebook.com\/Colegio-de-Arquitectos-de-Guerrero-AC-1324368890955554\/\" target=\"_blank\"><img decoding=\"async\" src=\"https:\/\/consejoguerrero.gob.mx\/cpp\/wp-content\/plugins\/contact-list\/public\/..\/img\/facebook.svg\"  alt=\"Facebook\" \/><\/a><hr class=\"clear\" \/><\/div>   \n      <\/div>\n    \n    <\/div>\n    \n    <div class=\"contact-list-main-right\">\n  \n        \n    <\/div>\n\n    <div class=\"contact-list-main-bottom\">\n    \n          \n    <\/div>\n  \n  <\/div>\n  \n  \n<\/li>\n\n<li id=\"cl-2135\">\n\n    \n  <div class=\"contact-list-contact-container contact-list-card-full-width\">\n  \n    <div class=\"contact-list-main-left\">\n      \n      <div class=\"contact-list-main-elements\">\n        \n        <div class=\"contact-list-hidden-name\">de Guerrero A.C. Colegio de Ingenieros Civiles<\/div><span class=\"contact-list-contact-name\">Colegio de Ingenieros Civiles de Guerrero A.C.<\/span> <span class=\"contact-list-job-title\"><\/span>    <span class=\"contact-list-contact-groups-v2-title\">Grupos<\/span><div class=\"contact-list-contact-groups-v2\"><span class=\"contact-list-card-group\">Asociaciones Civiles<\/span><\/div> <div class=\"contact-list-address\"><span class=\"contact-list-address-title\">Address<\/span><span class=\"contact-list-address-country-and-state\">Acapulco, Guerrero, M\u00e9xico<\/span><\/div> <div class=\"contact-list-custom-fields-container\"><\/div>  <div class=\"contact-list-some-elements\"><a href=\"https:\/\/www.facebook.com\/ColegioDeIngenierosCivilesDeGuerreroAC\" target=\"_blank\"><img decoding=\"async\" src=\"https:\/\/consejoguerrero.gob.mx\/cpp\/wp-content\/plugins\/contact-list\/public\/..\/img\/facebook.svg\"  alt=\"Facebook\" \/><\/a><hr class=\"clear\" \/><\/div>   \n      <\/div>\n    \n    <\/div>\n    \n    <div class=\"contact-list-main-right\">\n  \n        \n    <\/div>\n\n    <div class=\"contact-list-main-bottom\">\n    \n          \n    <\/div>\n  \n  <\/div>\n  \n  \n<\/li>\n\n<li id=\"cl-2116\">\n\n    \n  <div class=\"contact-list-contact-container \">\n  \n    <div class=\"contact-list-main-left\">\n      \n      <div class=\"contact-list-main-elements\">\n        \n        <div class=\"contact-list-hidden-name\">de Iguala H. Ayuntamiento Municipal<\/div><span class=\"contact-list-contact-name\">H. Ayuntamiento Municipal de Iguala<\/span> <span class=\"contact-list-job-title\"><\/span>    <span class=\"contact-list-contact-groups-v2-title\">Grupos<\/span><div class=\"contact-list-contact-groups-v2\"><span class=\"contact-list-card-group\">Municipales<\/span><span class=\"contact-list-card-group\">Sector P\u00fablico<\/span><\/div> <div class=\"contact-list-address\"><span class=\"contact-list-address-title\">Address<\/span><span class=\"contact-list-address-country-and-state\">Iguala, Guerrero, M\u00e9xico<\/span><\/div> <div class=\"contact-list-custom-fields-container\"><div class=\"contact-list-custom-field-1\"><div class=\"contact-list-custom-field-value\"><a href=\"https:\/\/www.iguala.gob.mx\/\" target=\"_blank\" title=\"https:\/\/www.iguala.gob.mx\/\">https:\/\/www.iguala.gob.mx\/<\/a><\/div><\/div><\/div>  <div class=\"contact-list-some-elements\"><a href=\"https:\/\/www.facebook.com\/IgualaOficial\" target=\"_blank\"><img decoding=\"async\" src=\"https:\/\/consejoguerrero.gob.mx\/cpp\/wp-content\/plugins\/contact-list\/public\/..\/img\/facebook.svg\"  alt=\"Facebook\" \/><\/a><a href=\"https:\/\/twitter.com\/igualaoficial\" target=\"_blank\"><img decoding=\"async\" src=\"https:\/\/consejoguerrero.gob.mx\/cpp\/wp-content\/plugins\/contact-list\/public\/..\/img\/x.svg\" alt=\"X\" \/><\/a><hr class=\"clear\" \/><\/div>   \n      <\/div>\n    \n    <\/div>\n    \n    <div class=\"contact-list-main-right\">\n  \n      <div class=\"contact-list-image contact-list-image-sepia contact-list-image-shadow\"><img decoding=\"async\" src=\"https:\/\/consejoguerrero.gob.mx\/cpp\/wp-content\/uploads\/2023\/05\/Escudo_Iguala_Guerrero-280x400.png\" alt=\"\" \/><\/div>  \n    <\/div>\n\n    <div class=\"contact-list-main-bottom\">\n    \n          \n    <\/div>\n  \n  <\/div>\n  \n  \n<\/li>\n\n<li id=\"cl-2112\">\n\n    \n  <div class=\"contact-list-contact-container \">\n  \n    <div class=\"contact-list-main-left\">\n      \n      <div class=\"contact-list-main-elements\">\n        \n        <div class=\"contact-list-hidden-name\">de Juan R. Escudero H. Ayuntamiento<\/div><span class=\"contact-list-contact-name\">H. Ayuntamiento de Juan R. Escudero<\/span> <span class=\"contact-list-job-title\"><\/span>     <div class=\"contact-list-address\"><span class=\"contact-list-address-title\">Address<\/span><span class=\"contact-list-address-country-and-state\">Juan R. Escudero, Guerrero, M\u00e9xico<\/span><\/div> <div class=\"contact-list-custom-fields-container\"><div class=\"contact-list-custom-field-1\"><div class=\"contact-list-custom-field-value\"><a href=\"https:\/\/juan-r-escudero.gob.mx\/\" target=\"_blank\" title=\"https:\/\/juan-r-escudero.gob.mx\/\">https:\/\/juan-r-escudero.gob.mx\/<\/a><\/div><\/div><\/div>  <div class=\"contact-list-some-elements\"><a href=\"https:\/\/www.facebook.com\/JuanREscudero21\/\" target=\"_blank\"><img decoding=\"async\" src=\"https:\/\/consejoguerrero.gob.mx\/cpp\/wp-content\/plugins\/contact-list\/public\/..\/img\/facebook.svg\"  alt=\"Facebook\" \/><\/a><a href=\"https:\/\/twitter.com\/JuanREscudero21\" target=\"_blank\"><img decoding=\"async\" src=\"https:\/\/consejoguerrero.gob.mx\/cpp\/wp-content\/plugins\/contact-list\/public\/..\/img\/x.svg\" alt=\"X\" \/><\/a><hr class=\"clear\" \/><\/div>   \n      <\/div>\n    \n    <\/div>\n    \n    <div class=\"contact-list-main-right\">\n  \n      <div class=\"contact-list-image contact-list-image-sepia contact-list-image-shadow\"><img decoding=\"async\" src=\"https:\/\/consejoguerrero.gob.mx\/cpp\/wp-content\/uploads\/2023\/05\/Foto-76-280x294.png\" alt=\"\" \/><\/div>  \n    <\/div>\n\n    <div class=\"contact-list-main-bottom\">\n    \n          \n    <\/div>\n  \n  <\/div>\n  \n  \n<\/li>\n\n<li id=\"cl-2130\">\n\n    \n  <div class=\"contact-list-contact-container \">\n  \n    <div class=\"contact-list-main-left\">\n      \n      <div class=\"contact-list-main-elements\">\n        \n        <div class=\"contact-list-hidden-name\">de la Propiedad y del Comercio Registro P\u00fablico<\/div><span class=\"contact-list-contact-name\">Registro P\u00fablico de la Propiedad y del Comercio<\/span> <span class=\"contact-list-job-title\"><\/span>    <span class=\"contact-list-contact-groups-v2-title\">Grupos<\/span><div class=\"contact-list-contact-groups-v2\"><span class=\"contact-list-card-group\">Estatal<\/span><span class=\"contact-list-card-group\">Sector P\u00fablico<\/span><\/div> <div class=\"contact-list-address\"><span class=\"contact-list-address-title\">Address<\/span><span class=\"contact-list-address-country-and-state\">Chilpancingo, Guerrero, M\u00e9xico<\/span><\/div> <div class=\"contact-list-custom-fields-container\"><\/div>  <div class=\"contact-list-some-elements\"><hr class=\"clear\" \/><\/div>   \n      <\/div>\n    \n    <\/div>\n    \n    <div class=\"contact-list-main-right\">\n  \n      <div class=\"contact-list-image contact-list-image-sepia contact-list-image-shadow\"><img decoding=\"async\" src=\"https:\/\/consejoguerrero.gob.mx\/cpp\/wp-content\/uploads\/2023\/05\/Guerrero_Escudo-258x440.png\" alt=\"\" \/><\/div>  \n    <\/div>\n\n    <div class=\"contact-list-main-bottom\">\n    \n          \n    <\/div>\n  \n  <\/div>\n  \n  \n<\/li>\n\n<li id=\"cl-2125\">\n\n    \n  <div class=\"contact-list-contact-container \">\n  \n    <div class=\"contact-list-main-left\">\n      \n      <div class=\"contact-list-main-elements\">\n        \n        <div class=\"contact-list-hidden-name\">de Medio Ambiente y Recursos Naturales Secretar\u00eda<\/div><span class=\"contact-list-contact-name\">Secretar\u00eda de Medio Ambiente y Recursos Naturales<\/span> <span class=\"contact-list-job-title\"><\/span>    <span class=\"contact-list-contact-groups-v2-title\">Grupos<\/span><div class=\"contact-list-contact-groups-v2\"><span class=\"contact-list-card-group\">Estatal<\/span><span class=\"contact-list-card-group\">Sector P\u00fablico<\/span><\/div> <div class=\"contact-list-address\"><span class=\"contact-list-address-title\">Address<\/span><span class=\"contact-list-address-country-and-state\">Chilpancingo, Guerrero, M\u00e9xico<\/span><\/div> <div class=\"contact-list-custom-fields-container\"><div class=\"contact-list-custom-field-1\"><div class=\"contact-list-custom-field-value\"><a href=\"https:\/\/www.guerrero.gob.mx\/dependencia\/sector-central\/secretaria-de-medio-ambiente-y-recursos-naturales\/\" target=\"_blank\" title=\"https:\/\/www.guerrero.gob.mx\/dependencia\/sector-central\/secretaria-de-medio-ambiente-y-recursos-naturales\/\">https:\/\/www.guerrero.gob.mx\/dependencia\/sector-central\/secretaria-de-medio-ambiente-y-recursos-naturales\/<\/a><\/div><\/div><\/div>  <div class=\"contact-list-some-elements\"><a href=\"https:\/\/es-la.facebook.com\/semaren.guerrero.3\/posts\/1052877938194654\/\" target=\"_blank\"><img decoding=\"async\" src=\"https:\/\/consejoguerrero.gob.mx\/cpp\/wp-content\/plugins\/contact-list\/public\/..\/img\/facebook.svg\"  alt=\"Facebook\" \/><\/a><a href=\"https:\/\/twitter.com\/SEMARENgro\" target=\"_blank\"><img decoding=\"async\" src=\"https:\/\/consejoguerrero.gob.mx\/cpp\/wp-content\/plugins\/contact-list\/public\/..\/img\/x.svg\" alt=\"X\" \/><\/a><hr class=\"clear\" \/><\/div>   \n      <\/div>\n    \n    <\/div>\n    \n    <div class=\"contact-list-main-right\">\n  \n      <div class=\"contact-list-image contact-list-image-sepia contact-list-image-shadow\"><img decoding=\"async\" src=\"https:\/\/consejoguerrero.gob.mx\/cpp\/wp-content\/uploads\/2023\/05\/Guerrero_Escudo-258x440.png\" alt=\"\" \/><\/div>  \n    <\/div>\n\n    <div class=\"contact-list-main-bottom\">\n    \n          \n    <\/div>\n  \n  <\/div>\n  \n  \n<\/li>\n\n<li id=\"cl-2120\">\n\n    \n  <div class=\"contact-list-contact-container \">\n  \n    <div class=\"contact-list-main-left\">\n      \n      <div class=\"contact-list-main-elements\">\n        \n        <div class=\"contact-list-hidden-name\">de Planeaci\u00f3n y Desarrollo Regional Secretar\u00eda<\/div><span class=\"contact-list-contact-name\">Secretar\u00eda de Planeaci\u00f3n y Desarrollo Regional<\/span> <span class=\"contact-list-job-title\"><\/span>    <span class=\"contact-list-contact-groups-v2-title\">Grupos<\/span><div class=\"contact-list-contact-groups-v2\"><span class=\"contact-list-card-group\">Estatal<\/span><span class=\"contact-list-card-group\">Sector P\u00fablico<\/span><\/div> <div class=\"contact-list-address\"><span class=\"contact-list-address-title\">Address<\/span><span class=\"contact-list-address-country-and-state\">Chilpancingo, Guerrero, M\u00e9xico<\/span><\/div> <div class=\"contact-list-custom-fields-container\"><div class=\"contact-list-custom-field-1\"><div class=\"contact-list-custom-field-value\"><a href=\"https:\/\/www.guerrero.gob.mx\/dependencia\/sector-central\/secretaria-de-planeacion-y-desarrollo-regional\/\" target=\"_blank\" title=\"https:\/\/www.guerrero.gob.mx\/dependencia\/sector-central\/secretaria-de-planeacion-y-desarrollo-regional\/\">https:\/\/www.guerrero.gob.mx\/dependencia\/sector-central\/secretaria-de-planeacion-y-desarrollo-regional\/<\/a><\/div><\/div><\/div>  <div class=\"contact-list-some-elements\"><a href=\"https:\/\/www.facebook.com\/SEPLADER\" target=\"_blank\"><img decoding=\"async\" src=\"https:\/\/consejoguerrero.gob.mx\/cpp\/wp-content\/plugins\/contact-list\/public\/..\/img\/facebook.svg\"  alt=\"Facebook\" \/><\/a><a href=\"https:\/\/twitter.com\/_seplader\" target=\"_blank\"><img decoding=\"async\" src=\"https:\/\/consejoguerrero.gob.mx\/cpp\/wp-content\/plugins\/contact-list\/public\/..\/img\/x.svg\" alt=\"X\" \/><\/a><hr class=\"clear\" \/><\/div>   \n      <\/div>\n    \n    <\/div>\n    \n    <div class=\"contact-list-main-right\">\n  \n      <div class=\"contact-list-image contact-list-image-sepia contact-list-image-shadow\"><img decoding=\"async\" src=\"https:\/\/consejoguerrero.gob.mx\/cpp\/wp-content\/uploads\/2023\/05\/Guerrero_Escudo-258x440.png\" alt=\"\" \/><\/div>  \n    <\/div>\n\n    <div class=\"contact-list-main-bottom\">\n    \n          \n    <\/div>\n  \n  <\/div>\n  \n  \n<\/li>\n\n<li id=\"cl-2127\">\n\n    \n  <div class=\"contact-list-contact-container \">\n  \n    <div class=\"contact-list-main-left\">\n      \n      <div class=\"contact-list-main-elements\">\n        \n        <div class=\"contact-list-hidden-name\">de Protecci\u00f3n Civil Secretar\u00eda<\/div><span class=\"contact-list-contact-name\">Secretar\u00eda de Protecci\u00f3n Civil<\/span> <span class=\"contact-list-job-title\"><\/span>    <span class=\"contact-list-contact-groups-v2-title\">Grupos<\/span><div class=\"contact-list-contact-groups-v2\"><span class=\"contact-list-card-group\">Estatal<\/span><span class=\"contact-list-card-group\">Sector P\u00fablico<\/span><\/div> <div class=\"contact-list-address\"><span class=\"contact-list-address-title\">Address<\/span><span class=\"contact-list-address-country-and-state\">Chilpancingo, Guerrero, M\u00e9xico<\/span><\/div> <div class=\"contact-list-custom-fields-container\"><div class=\"contact-list-custom-field-1\"><div class=\"contact-list-custom-field-value\"><a href=\"http:\/\/proteccioncivil.guerrero.gob.mx\/\" target=\"_blank\" title=\"http:\/\/proteccioncivil.guerrero.gob.mx\/\">http:\/\/proteccioncivil.guerrero.gob.mx\/<\/a><\/div><\/div><\/div>  <div class=\"contact-list-some-elements\"><a href=\"https:\/\/www.facebook.com\/SGIRPCGro\/\" target=\"_blank\"><img decoding=\"async\" src=\"https:\/\/consejoguerrero.gob.mx\/cpp\/wp-content\/plugins\/contact-list\/public\/..\/img\/facebook.svg\"  alt=\"Facebook\" \/><\/a><a href=\"https:\/\/twitter.com\/PC_Guerrero\" target=\"_blank\"><img decoding=\"async\" src=\"https:\/\/consejoguerrero.gob.mx\/cpp\/wp-content\/plugins\/contact-list\/public\/..\/img\/x.svg\" alt=\"X\" \/><\/a><hr class=\"clear\" \/><\/div>   \n      <\/div>\n    \n    <\/div>\n    \n    <div class=\"contact-list-main-right\">\n  \n      <div class=\"contact-list-image contact-list-image-sepia contact-list-image-shadow\"><img decoding=\"async\" src=\"https:\/\/consejoguerrero.gob.mx\/cpp\/wp-content\/uploads\/2023\/05\/Guerrero_Escudo-258x440.png\" alt=\"\" \/><\/div>  \n    <\/div>\n\n    <div class=\"contact-list-main-bottom\">\n    \n          \n    <\/div>\n  \n  <\/div>\n  \n  \n<\/li>\n\n<li id=\"cl-2114\">\n\n    \n  <div class=\"contact-list-contact-container \">\n  \n    <div class=\"contact-list-main-left\">\n      \n      <div class=\"contact-list-main-elements\">\n        \n        <div class=\"contact-list-hidden-name\">de Tecpan de Galeana H. Ayuntamiento<\/div><span class=\"contact-list-contact-name\">H. Ayuntamiento de Tecpan de Galeana<\/span> <span class=\"contact-list-job-title\"><\/span>    <span class=\"contact-list-contact-groups-v2-title\">Grupos<\/span><div class=\"contact-list-contact-groups-v2\"><span class=\"contact-list-card-group\">Municipales<\/span><span class=\"contact-list-card-group\">Sector P\u00fablico<\/span><\/div> <div class=\"contact-list-address\"><span class=\"contact-list-address-title\">Address<\/span><span class=\"contact-list-address-country-and-state\">Tecpan de Galeana, Guerrero, M\u00e9xico<\/span><\/div> <div class=\"contact-list-custom-fields-container\"><div class=\"contact-list-custom-field-1\"><div class=\"contact-list-custom-field-value\"><a href=\"https:\/\/ayuntamientotecpan.gob.mx\/\" target=\"_blank\" title=\"https:\/\/ayuntamientotecpan.gob.mx\/\">https:\/\/ayuntamientotecpan.gob.mx\/<\/a><\/div><\/div><\/div>  <div class=\"contact-list-some-elements\"><a href=\"\" target=\"_blank\"><img decoding=\"async\" src=\"https:\/\/consejoguerrero.gob.mx\/cpp\/wp-content\/plugins\/contact-list\/public\/..\/img\/facebook.svg\"  alt=\"Facebook\" \/><\/a><a href=\"https:\/\/twitter.com\/gobiernotecpan\" target=\"_blank\"><img decoding=\"async\" src=\"https:\/\/consejoguerrero.gob.mx\/cpp\/wp-content\/plugins\/contact-list\/public\/..\/img\/x.svg\" alt=\"X\" \/><\/a><hr class=\"clear\" \/><\/div>   \n      <\/div>\n    \n    <\/div>\n    \n    <div class=\"contact-list-main-right\">\n  \n      <div class=\"contact-list-image contact-list-image-sepia contact-list-image-shadow\"><img decoding=\"async\" src=\"https:\/\/consejoguerrero.gob.mx\/cpp\/wp-content\/uploads\/2023\/05\/tecpan.jpg\" alt=\"\" \/><\/div>  \n    <\/div>\n\n    <div class=\"contact-list-main-bottom\">\n    \n          \n    <\/div>\n  \n  <\/div>\n  \n  \n<\/li>\n\n<li id=\"cl-2126\">\n\n    \n  <div class=\"contact-list-contact-container \">\n  \n    <div class=\"contact-list-main-left\">\n      \n      <div class=\"contact-list-main-elements\">\n        \n        <div class=\"contact-list-hidden-name\">de Turismo Secretar\u00eda<\/div><span class=\"contact-list-contact-name\">Secretar\u00eda de Turismo<\/span> <span class=\"contact-list-job-title\"><\/span>    <span class=\"contact-list-contact-groups-v2-title\">Grupos<\/span><div class=\"contact-list-contact-groups-v2\"><span class=\"contact-list-card-group\">Estatal<\/span><span class=\"contact-list-card-group\">Sector P\u00fablico<\/span><\/div> <div class=\"contact-list-address\"><span class=\"contact-list-address-title\">Address<\/span><span class=\"contact-list-address-country-and-state\">Chilpancingo, Guerrero, M\u00e9xico<\/span><\/div> <div class=\"contact-list-custom-fields-container\"><div class=\"contact-list-custom-field-1\"><div class=\"contact-list-custom-field-value\"><a href=\"https:\/\/www.guerrero.gob.mx\/dependencia\/sector-central\/secretaria-de-turismo\/\" target=\"_blank\" title=\"https:\/\/www.guerrero.gob.mx\/dependencia\/sector-central\/secretaria-de-turismo\/\">https:\/\/www.guerrero.gob.mx\/dependencia\/sector-central\/secretaria-de-turismo\/<\/a><\/div><\/div><\/div>  <div class=\"contact-list-some-elements\"><a href=\"https:\/\/www.facebook.com\/SecturGuerrero\" target=\"_blank\"><img decoding=\"async\" src=\"https:\/\/consejoguerrero.gob.mx\/cpp\/wp-content\/plugins\/contact-list\/public\/..\/img\/facebook.svg\"  alt=\"Facebook\" \/><\/a><a href=\"https:\/\/twitter.com\/Sectur_Guerrero\" target=\"_blank\"><img decoding=\"async\" src=\"https:\/\/consejoguerrero.gob.mx\/cpp\/wp-content\/plugins\/contact-list\/public\/..\/img\/x.svg\" alt=\"X\" \/><\/a><hr class=\"clear\" \/><\/div>   \n      <\/div>\n    \n    <\/div>\n    \n    <div class=\"contact-list-main-right\">\n  \n      <div class=\"contact-list-image contact-list-image-sepia contact-list-image-shadow\"><img decoding=\"async\" src=\"https:\/\/consejoguerrero.gob.mx\/cpp\/wp-content\/uploads\/2023\/05\/Guerrero_Escudo-258x440.png\" alt=\"\" \/><\/div>  \n    <\/div>\n\n    <div class=\"contact-list-main-bottom\">\n    \n          \n    <\/div>\n  \n  <\/div>\n  \n  \n<\/li>\n\n<li id=\"cl-2133\">\n\n    \n  <div class=\"contact-list-contact-container \">\n  \n    <div class=\"contact-list-main-left\">\n      \n      <div class=\"contact-list-main-elements\">\n        \n        <div class=\"contact-list-hidden-name\">del Cocotero Consejo Estatal<\/div><span class=\"contact-list-contact-name\">Consejo Estatal del Cocotero<\/span> <span class=\"contact-list-job-title\"><\/span>    <span class=\"contact-list-contact-groups-v2-title\">Grupos<\/span><div class=\"contact-list-contact-groups-v2\"><span class=\"contact-list-card-group\">Estatal<\/span><span class=\"contact-list-card-group\">Sector P\u00fablico<\/span><\/div> <div class=\"contact-list-address\"><span class=\"contact-list-address-title\">Address<\/span><span class=\"contact-list-address-country-and-state\">Tecpan de Galeana, Guerrero, M\u00e9xico<\/span><\/div> <div class=\"contact-list-custom-fields-container\"><div class=\"contact-list-custom-field-1\"><div class=\"contact-list-custom-field-value\"><a href=\"https:\/\/www.guerrero.gob.mx\/dependencia\/sector-paraestatal\/consejo-estatal-del-cocotero\/\" target=\"_blank\" title=\"https:\/\/www.guerrero.gob.mx\/dependencia\/sector-paraestatal\/consejo-estatal-del-cocotero\/\">https:\/\/www.guerrero.gob.mx\/dependencia\/sector-paraestatal\/consejo-estatal-del-cocotero\/<\/a><\/div><\/div><\/div>  <div class=\"contact-list-some-elements\"><hr class=\"clear\" \/><\/div>   \n      <\/div>\n    \n    <\/div>\n    \n    <div class=\"contact-list-main-right\">\n  \n      <div class=\"contact-list-image contact-list-image-sepia contact-list-image-shadow\"><img decoding=\"async\" src=\"https:\/\/consejoguerrero.gob.mx\/cpp\/wp-content\/uploads\/2023\/05\/Guerrero_Escudo-258x440.png\" alt=\"\" \/><\/div>  \n    <\/div>\n\n    <div class=\"contact-list-main-bottom\">\n    \n          \n    <\/div>\n  \n  <\/div>\n  \n  \n<\/li>\n\n<li id=\"cl-2134\">\n\n    \n  <div class=\"contact-list-contact-container contact-list-card-full-width\">\n  \n    <div class=\"contact-list-main-left\">\n      \n      <div class=\"contact-list-main-elements\">\n        \n        <div class=\"contact-list-hidden-name\">del Estado de Guerrero Colegio de Contadores P\u00fablicos<\/div><span class=\"contact-list-contact-name\">Colegio de Contadores P\u00fablicos del Estado de Guerrero<\/span> <span class=\"contact-list-job-title\"><\/span>    <span class=\"contact-list-contact-groups-v2-title\">Grupos<\/span><div class=\"contact-list-contact-groups-v2\"><span class=\"contact-list-card-group\">Asociaciones Civiles<\/span><\/div> <div class=\"contact-list-address\"><span class=\"contact-list-address-title\">Address<\/span><span class=\"contact-list-address-country-and-state\">Acapulco, Guerrero, M\u00e9xico<\/span><\/div> <div class=\"contact-list-custom-fields-container\"><div class=\"contact-list-custom-field-1\"><div class=\"contact-list-custom-field-value\"><a href=\"http:\/\/www.ccpgro.org.mx\/\" target=\"_blank\" title=\"http:\/\/www.ccpgro.org.mx\/\">http:\/\/www.ccpgro.org.mx\/<\/a><\/div><\/div><\/div>  <div class=\"contact-list-some-elements\"><a href=\"https:\/\/www.facebook.com\/CCPEGRO\" target=\"_blank\"><img decoding=\"async\" src=\"https:\/\/consejoguerrero.gob.mx\/cpp\/wp-content\/plugins\/contact-list\/public\/..\/img\/facebook.svg\"  alt=\"Facebook\" \/><\/a><a href=\"https:\/\/twitter.com\/ccpegro\" target=\"_blank\"><img decoding=\"async\" src=\"https:\/\/consejoguerrero.gob.mx\/cpp\/wp-content\/plugins\/contact-list\/public\/..\/img\/x.svg\" alt=\"X\" \/><\/a><hr class=\"clear\" \/><\/div>   \n      <\/div>\n    \n    <\/div>\n    \n    <div class=\"contact-list-main-right\">\n  \n        \n    <\/div>\n\n    <div class=\"contact-list-main-bottom\">\n    \n          \n    <\/div>\n  \n  <\/div>\n  \n  \n<\/li>\n\n<li id=\"cl-1788\">\n\n    \n  <div class=\"contact-list-contact-container \">\n  \n    <div class=\"contact-list-main-left\">\n      \n      <div class=\"contact-list-main-elements\">\n        \n        <div class=\"contact-list-hidden-name\">Neri Vela Dr. Rodolfo<\/div><span class=\"contact-list-contact-name\">Dr. Rodolfo Neri Vela<\/span> <span class=\"contact-list-job-title\">Doctor en ingenier\u00eda. Primer astronauta mexicano en ir en misi\u00f3n espacial de la NASA.<\/span>    <span class=\"contact-list-contact-groups-v2-title\">Grupos<\/span><div class=\"contact-list-contact-groups-v2\"><span class=\"contact-list-card-group\">Personas Distinguidas<\/span><\/div> <div class=\"contact-list-address\"><span class=\"contact-list-address-title\">Address<\/span><span class=\"contact-list-address-country-and-state\">Guerrero, M\u00e9xico<\/span><\/div> <div class=\"contact-list-custom-fields-container\"><div class=\"contact-list-custom-field-1\"><div class=\"contact-list-custom-field-value\"><a href=\"http:\/\/rodolfonerivela.com\/\" target=\"_blank\" title=\"http:\/\/rodolfonerivela.com\/\">http:\/\/rodolfonerivela.com\/<\/a><\/div><\/div><\/div>  <div class=\"contact-list-some-elements\"><a href=\"https:\/\/www.facebook.com\/RodolfoNeriVelaDr\/\" target=\"_blank\"><img decoding=\"async\" src=\"https:\/\/consejoguerrero.gob.mx\/cpp\/wp-content\/plugins\/contact-list\/public\/..\/img\/facebook.svg\"  alt=\"Facebook\" \/><\/a><a href=\"https:\/\/www.instagram.com\/rodol_foneri\" target=\"_blank\"><img decoding=\"async\" src=\"https:\/\/consejoguerrero.gob.mx\/cpp\/wp-content\/plugins\/contact-list\/public\/..\/img\/instagram.svg\" alt=\"Instagram\" \/><\/a><a href=\"https:\/\/twitter.com\/dr_neri_vela\" target=\"_blank\"><img decoding=\"async\" src=\"https:\/\/consejoguerrero.gob.mx\/cpp\/wp-content\/plugins\/contact-list\/public\/..\/img\/x.svg\" alt=\"X\" \/><\/a><hr class=\"clear\" \/><\/div>   \n      <\/div>\n    \n    <\/div>\n    \n    <div class=\"contact-list-main-right\">\n  \n      <div class=\"contact-list-image contact-list-image-sepia contact-list-image-shadow\"><img decoding=\"async\" src=\"https:\/\/consejoguerrero.gob.mx\/cpp\/wp-content\/uploads\/2022\/11\/dr_-rodolfo-neri-vela-300x350-1-280x327.jpg\" alt=\"\" \/><\/div>  \n    <\/div>\n\n    <div class=\"contact-list-main-bottom\">\n    \n          \n    <\/div>\n  \n  <\/div>\n  \n  \n<\/li>\n\n<li id=\"cl-1695\">\n\n    \n  <div class=\"contact-list-contact-container \">\n  \n    <div class=\"contact-list-main-left\">\n      \n      <div class=\"contact-list-main-elements\">\n        \n        <div class=\"contact-list-hidden-name\">Silva Hern\u00e1ndez Ibq. Arlette Pamela<\/div><span class=\"contact-list-contact-name\">Ibq. Arlette Pamela Silva Hern\u00e1ndez<\/span> <span class=\"contact-list-job-title\">Organo Asesor del CPP<\/span>    <span class=\"contact-list-contact-groups-v2-title\">Grupos<\/span><div class=\"contact-list-contact-groups-v2\"><span class=\"contact-list-card-group\">Personas Distinguidas<\/span><\/div> <div class=\"contact-list-address\"><span class=\"contact-list-address-title\">Address<\/span><span class=\"contact-list-address-country-and-state\">Acapulco, Guerrero, M\u00e9xico<\/span><\/div> <div class=\"contact-list-custom-fields-container\"><\/div>  <div class=\"contact-list-some-elements\"><a href=\"https:\/\/www.facebook.com\/ArletteSilvaHernandez\/\" target=\"_blank\"><img decoding=\"async\" src=\"https:\/\/consejoguerrero.gob.mx\/cpp\/wp-content\/plugins\/contact-list\/public\/..\/img\/facebook.svg\"  alt=\"Facebook\" \/><\/a><a href=\"https:\/\/mx.linkedin.com\/in\/arlettepamelasilvahernandez\" target=\"_blank\"><img decoding=\"async\" src=\"https:\/\/consejoguerrero.gob.mx\/cpp\/wp-content\/plugins\/contact-list\/public\/..\/img\/linkedin.svg\" alt=\"LinkedIn\" \/><\/a><hr class=\"clear\" \/><\/div>   \n      <\/div>\n    \n    <\/div>\n    \n    <div class=\"contact-list-main-right\">\n  \n      <div class=\"contact-list-image contact-list-image-sepia contact-list-image-shadow\"><img decoding=\"async\" src=\"https:\/\/consejoguerrero.gob.mx\/cpp\/wp-content\/uploads\/2022\/08\/pic-220319018-280x194.jpg\" alt=\"\" \/><\/div>  \n    <\/div>\n\n    <div class=\"contact-list-main-bottom\">\n    \n          \n    <\/div>\n  \n  <\/div>\n  \n  \n<\/li>\n\n<li id=\"cl-2132\">\n\n    \n  <div class=\"contact-list-contact-container \">\n  \n    <div class=\"contact-list-main-left\">\n      \n      <div class=\"contact-list-main-elements\">\n        \n        <div class=\"contact-list-hidden-name\">Tur\u00edstica de Acapulco Fideicomiso para la Promoci\u00f3n<\/div><span class=\"contact-list-contact-name\">Fideicomiso para la Promoci\u00f3n Tur\u00edstica de Acapulco<\/span> <span class=\"contact-list-job-title\"><\/span>    <span class=\"contact-list-contact-groups-v2-title\">Grupos<\/span><div class=\"contact-list-contact-groups-v2\"><span class=\"contact-list-card-group\">Estatal<\/span><span class=\"contact-list-card-group\">Sector P\u00fablico<\/span><\/div> <div class=\"contact-list-address\"><span class=\"contact-list-address-title\">Address<\/span><\/div> <div class=\"contact-list-custom-fields-container\"><div class=\"contact-list-custom-field-1\"><div class=\"contact-list-custom-field-value\"><a href=\"http:\/\/fideturacapulco.mx\/\" target=\"_blank\" title=\"http:\/\/fideturacapulco.mx\/\">http:\/\/fideturacapulco.mx\/<\/a><\/div><\/div><\/div>  <div class=\"contact-list-some-elements\"><a href=\"https:\/\/www.facebook.com\/fideturacapulco\" target=\"_blank\"><img decoding=\"async\" src=\"https:\/\/consejoguerrero.gob.mx\/cpp\/wp-content\/plugins\/contact-list\/public\/..\/img\/facebook.svg\"  alt=\"Facebook\" \/><\/a><a href=\"https:\/\/twitter.com\/FideturAcapulco\" target=\"_blank\"><img decoding=\"async\" src=\"https:\/\/consejoguerrero.gob.mx\/cpp\/wp-content\/plugins\/contact-list\/public\/..\/img\/x.svg\" alt=\"X\" \/><\/a><hr class=\"clear\" \/><\/div>   \n      <\/div>\n    \n    <\/div>\n    \n    <div class=\"contact-list-main-right\">\n  \n      <div class=\"contact-list-image contact-list-image-sepia contact-list-image-shadow\"><img decoding=\"async\" src=\"https:\/\/consejoguerrero.gob.mx\/cpp\/wp-content\/uploads\/2023\/05\/Guerrero_Escudo-258x440.png\" alt=\"\" \/><\/div>  \n    <\/div>\n\n    <div class=\"contact-list-main-bottom\">\n    \n          \n    <\/div>\n  \n  <\/div>\n  \n  \n<\/li>\n<\/ul><hr class=\"clear\" \/><div id=\"contact-list-nothing-found\">No contacts found.<\/div><\/div><\/div><div class=\"contact-list-ajax-results\"><div id=\"contact-list-search\"><ul id=\"all-contacts\">\n<li id=\"cl-2137\">\n\n    \n  <div class=\"contact-list-contact-container \">\n  \n    <div class=\"contact-list-main-left\">\n      \n      <div class=\"contact-list-main-elements\">\n        \n        <div class=\"contact-list-hidden-name\">Chilpancingo Coparmex<\/div><span class=\"contact-list-contact-name\">Coparmex Chilpancingo<\/span> <span class=\"contact-list-job-title\"><\/span>    <span class=\"contact-list-contact-groups-v2-title\">Grupos<\/span><div class=\"contact-list-contact-groups-v2\"><span class=\"contact-list-card-group\">Asociaciones Civiles<\/span><\/div> <div class=\"contact-list-address\"><span class=\"contact-list-address-title\">Address<\/span><\/div> <div class=\"contact-list-custom-fields-container\"><div class=\"contact-list-custom-field-1\"><div class=\"contact-list-custom-field-value\"><a href=\"https:\/\/coparmexchilpancingo.org.mx\/\" target=\"_blank\" title=\"https:\/\/coparmexchilpancingo.org.mx\/\">https:\/\/coparmexchilpancingo.org.mx\/<\/a><\/div><\/div><\/div>  <div class=\"contact-list-some-elements\"><a href=\"https:\/\/www.facebook.com\/Coparmex-Chilpancingo-Oficial-516282841845532\" target=\"_blank\"><img decoding=\"async\" src=\"https:\/\/consejoguerrero.gob.mx\/cpp\/wp-content\/plugins\/contact-list\/public\/..\/img\/facebook.svg\"  alt=\"Facebook\" \/><\/a><a href=\"https:\/\/twitter.com\/coparmex_chilpo\" target=\"_blank\"><img decoding=\"async\" src=\"https:\/\/consejoguerrero.gob.mx\/cpp\/wp-content\/plugins\/contact-list\/public\/..\/img\/x.svg\" alt=\"X\" \/><\/a><hr class=\"clear\" \/><\/div>   \n      <\/div>\n    \n    <\/div>\n    \n    <div class=\"contact-list-main-right\">\n  \n      <div class=\"contact-list-image contact-list-image-sepia contact-list-image-shadow\"><img decoding=\"async\" src=\"https:\/\/consejoguerrero.gob.mx\/cpp\/wp-content\/uploads\/2023\/05\/82502241_1688620821278389_971159764245413888_n-280x280.jpg\" alt=\"\" \/><\/div>  \n    <\/div>\n\n    <div class=\"contact-list-main-bottom\">\n    \n          \n    <\/div>\n  \n  <\/div>\n  \n  \n<\/li>\n\n<li id=\"cl-2105\">\n\n    \n  <div class=\"contact-list-contact-container \">\n  \n    <div class=\"contact-list-main-left\">\n      \n      <div class=\"contact-list-main-elements\">\n        \n        <div class=\"contact-list-hidden-name\">de Acapulco Gobierno Municipal<\/div><span class=\"contact-list-contact-name\">Gobierno Municipal de Acapulco<\/span> <span class=\"contact-list-job-title\"><\/span>    <span class=\"contact-list-contact-groups-v2-title\">Grupos<\/span><div class=\"contact-list-contact-groups-v2\"><span class=\"contact-list-card-group\">Municipales<\/span><span class=\"contact-list-card-group\">Sector P\u00fablico<\/span><\/div> <div class=\"contact-list-address\"><span class=\"contact-list-address-title\">Address<\/span><span class=\"contact-list-address-country-and-state\">Acapulco, Guerrero, M\u00e9xico<\/span><\/div> <div class=\"contact-list-custom-fields-container\"><div class=\"contact-list-custom-field-1\"><div class=\"contact-list-custom-field-value\"><a href=\"http:\/\/acapulco.gob.mx\" target=\"_blank\" title=\"acapulco.gob.mx\">acapulco.gob.mx<\/a><\/div><\/div><\/div>  <div class=\"contact-list-some-elements\"><a href=\"https:\/\/www.facebook.com\/AcapulcoGob\/\" target=\"_blank\"><img decoding=\"async\" src=\"https:\/\/consejoguerrero.gob.mx\/cpp\/wp-content\/plugins\/contact-list\/public\/..\/img\/facebook.svg\"  alt=\"Facebook\" \/><\/a><a href=\"https:\/\/www.instagram.com\/gobiernoacapulco\/\" target=\"_blank\"><img decoding=\"async\" src=\"https:\/\/consejoguerrero.gob.mx\/cpp\/wp-content\/plugins\/contact-list\/public\/..\/img\/instagram.svg\" alt=\"Instagram\" \/><\/a><a href=\"https:\/\/twitter.com\/AcapulcoGob\" target=\"_blank\"><img decoding=\"async\" src=\"https:\/\/consejoguerrero.gob.mx\/cpp\/wp-content\/plugins\/contact-list\/public\/..\/img\/x.svg\" alt=\"X\" \/><\/a><a href=\"https:\/\/mx.linkedin.com\/company\/gobiernodeacapulco\" target=\"_blank\"><img decoding=\"async\" src=\"https:\/\/consejoguerrero.gob.mx\/cpp\/wp-content\/plugins\/contact-list\/public\/..\/img\/linkedin.svg\" alt=\"LinkedIn\" \/><\/a><hr class=\"clear\" \/><\/div>   \n      <\/div>\n    \n    <\/div>\n    \n    <div class=\"contact-list-main-right\">\n  \n      <div class=\"contact-list-image contact-list-image-sepia contact-list-image-shadow\"><img decoding=\"async\" src=\"https:\/\/consejoguerrero.gob.mx\/cpp\/wp-content\/uploads\/2023\/05\/Escudo_de_Acapulco-280x421.png\" alt=\"\" \/><\/div>  \n    <\/div>\n\n    <div class=\"contact-list-main-bottom\">\n    \n          \n    <\/div>\n  \n  <\/div>\n  \n  \n<\/li>\n\n<li id=\"cl-2108\">\n\n    \n  <div class=\"contact-list-contact-container \">\n  \n    <div class=\"contact-list-main-left\">\n      \n      <div class=\"contact-list-main-elements\">\n        \n        <div class=\"contact-list-hidden-name\">de Benito Ju\u00e1rez Gobierno Municipal<\/div><span class=\"contact-list-contact-name\">Gobierno Municipal de Benito Ju\u00e1rez<\/span> <span class=\"contact-list-job-title\"><\/span>    <span class=\"contact-list-contact-groups-v2-title\">Grupos<\/span><div class=\"contact-list-contact-groups-v2\"><span class=\"contact-list-card-group\">Municipales<\/span><span class=\"contact-list-card-group\">Sector P\u00fablico<\/span><\/div> <div class=\"contact-list-address\"><span class=\"contact-list-address-title\">Address<\/span><span class=\"contact-list-address-country-and-state\">San Jer\u00f3nimo de Ju\u00e1rez, Guerrero, M\u00e9xico<\/span><\/div> <div class=\"contact-list-custom-fields-container\"><\/div>  <div class=\"contact-list-some-elements\"><a href=\"https:\/\/www.facebook.com\/BJGobiernoMunicipal\/\" target=\"_blank\"><img decoding=\"async\" src=\"https:\/\/consejoguerrero.gob.mx\/cpp\/wp-content\/plugins\/contact-list\/public\/..\/img\/facebook.svg\"  alt=\"Facebook\" \/><\/a><a href=\"https:\/\/twitter.com\/benitojuarezgro\" target=\"_blank\"><img decoding=\"async\" src=\"https:\/\/consejoguerrero.gob.mx\/cpp\/wp-content\/plugins\/contact-list\/public\/..\/img\/x.svg\" alt=\"X\" \/><\/a><hr class=\"clear\" \/><\/div>   \n      <\/div>\n    \n    <\/div>\n    \n    <div class=\"contact-list-main-right\">\n  \n      <div class=\"contact-list-image contact-list-image-sepia contact-list-image-shadow\"><img decoding=\"async\" src=\"https:\/\/consejoguerrero.gob.mx\/cpp\/wp-content\/uploads\/2023\/05\/Gob-Benito-Juarez-280x370.gif\" alt=\"\" \/><\/div>  \n    <\/div>\n\n    <div class=\"contact-list-main-bottom\">\n    \n          \n    <\/div>\n  \n  <\/div>\n  \n  \n<\/li>\n\n<li id=\"cl-2110\">\n\n    \n  <div class=\"contact-list-contact-container \">\n  \n    <div class=\"contact-list-main-left\">\n      \n      <div class=\"contact-list-main-elements\">\n        \n        <div class=\"contact-list-hidden-name\">de Chilpancingo Gobierno Municipal<\/div><span class=\"contact-list-contact-name\">Gobierno Municipal de Chilpancingo<\/span> <span class=\"contact-list-job-title\"><\/span>    <span class=\"contact-list-contact-groups-v2-title\">Grupos<\/span><div class=\"contact-list-contact-groups-v2\"><span class=\"contact-list-card-group\">Municipales<\/span><span class=\"contact-list-card-group\">Sector P\u00fablico<\/span><\/div> <div class=\"contact-list-address\"><span class=\"contact-list-address-title\">Address<\/span><span class=\"contact-list-address-country-and-state\">Chilpancingo de los Bravo, Guerrero, M\u00e9xico<\/span><\/div> <div class=\"contact-list-custom-fields-container\"><div class=\"contact-list-custom-field-1\"><div class=\"contact-list-custom-field-value\"><a href=\"https:\/\/chilpancingo.gob.mx\" target=\"_blank\" title=\"https:\/\/chilpancingo.gob.mx\">https:\/\/chilpancingo.gob.mx<\/a><\/div><\/div><\/div>  <div class=\"contact-list-some-elements\"><a href=\"https:\/\/www.facebook.com\/H.AyuntamientodeChilpancingo\/\" target=\"_blank\"><img decoding=\"async\" src=\"https:\/\/consejoguerrero.gob.mx\/cpp\/wp-content\/plugins\/contact-list\/public\/..\/img\/facebook.svg\"  alt=\"Facebook\" \/><\/a><hr class=\"clear\" \/><\/div>   \n      <\/div>\n    \n    <\/div>\n    \n    <div class=\"contact-list-main-right\">\n  \n      <div class=\"contact-list-image contact-list-image-sepia contact-list-image-shadow\"><img decoding=\"async\" src=\"https:\/\/consejoguerrero.gob.mx\/cpp\/wp-content\/uploads\/2023\/05\/Escudo_de_Chilpancingo-280x312.jpg\" alt=\"\" \/><\/div>  \n    <\/div>\n\n    <div class=\"contact-list-main-bottom\">\n    \n          \n    <\/div>\n  \n  <\/div>\n  \n  \n<\/li>\n\n<li id=\"cl-2118\">\n\n    \n  <div class=\"contact-list-contact-container \">\n  \n    <div class=\"contact-list-main-left\">\n      \n      <div class=\"contact-list-main-elements\">\n        \n        <div class=\"contact-list-hidden-name\">de Coyuca de Benitez Gobierno Municipal<\/div><span class=\"contact-list-contact-name\">Gobierno Municipal de Coyuca de Benitez<\/span> <span class=\"contact-list-job-title\"><\/span>    <span class=\"contact-list-contact-groups-v2-title\">Grupos<\/span><div class=\"contact-list-contact-groups-v2\"><span class=\"contact-list-card-group\">Municipales<\/span><span class=\"contact-list-card-group\">Sector P\u00fablico<\/span><\/div> <div class=\"contact-list-address\"><span class=\"contact-list-address-title\">Address<\/span><span class=\"contact-list-address-country-and-state\">Coyuca de Benitez, Guerrero, M\u00e9xico<\/span><\/div> <div class=\"contact-list-custom-fields-container\"><div class=\"contact-list-custom-field-1\"><div class=\"contact-list-custom-field-value\"><a href=\"https:\/\/coyucadebenitez.gob.mx\/\" target=\"_blank\" title=\"https:\/\/coyucadebenitez.gob.mx\/\">https:\/\/coyucadebenitez.gob.mx\/<\/a><\/div><\/div><\/div>  <div class=\"contact-list-some-elements\"><a href=\"https:\/\/www.facebook.com\/GobiernoDeCoyucaDeBenitez\" target=\"_blank\"><img decoding=\"async\" src=\"https:\/\/consejoguerrero.gob.mx\/cpp\/wp-content\/plugins\/contact-list\/public\/..\/img\/facebook.svg\"  alt=\"Facebook\" \/><\/a><a href=\"https:\/\/www.instagram.com\/coyucadebenitezoficial\" target=\"_blank\"><img decoding=\"async\" src=\"https:\/\/consejoguerrero.gob.mx\/cpp\/wp-content\/plugins\/contact-list\/public\/..\/img\/instagram.svg\" alt=\"Instagram\" \/><\/a><a href=\"https:\/\/twitter.com\/GobiernoCoyuca\" target=\"_blank\"><img decoding=\"async\" src=\"https:\/\/consejoguerrero.gob.mx\/cpp\/wp-content\/plugins\/contact-list\/public\/..\/img\/x.svg\" alt=\"X\" \/><\/a><hr class=\"clear\" \/><\/div>   \n      <\/div>\n    \n    <\/div>\n    \n    <div class=\"contact-list-main-right\">\n  \n      <div class=\"contact-list-image contact-list-image-sepia contact-list-image-shadow\"><img decoding=\"async\" src=\"https:\/\/consejoguerrero.gob.mx\/cpp\/wp-content\/uploads\/2023\/05\/Coyuca-Foto-271-280x341.png\" alt=\"\" \/><\/div>  \n    <\/div>\n\n    <div class=\"contact-list-main-bottom\">\n    \n          \n    <\/div>\n  \n  <\/div>\n  \n  \n<\/li>\n\n<li id=\"cl-2122\">\n\n    \n  <div class=\"contact-list-contact-container \">\n  \n    <div class=\"contact-list-main-left\">\n      \n      <div class=\"contact-list-main-elements\">\n        \n        <div class=\"contact-list-hidden-name\">de Desarrollo y Bienestar Social Secretar\u00eda<\/div><span class=\"contact-list-contact-name\">Secretar\u00eda de Desarrollo y Bienestar Social<\/span> <span class=\"contact-list-job-title\"><\/span>    <span class=\"contact-list-contact-groups-v2-title\">Grupos<\/span><div class=\"contact-list-contact-groups-v2\"><span class=\"contact-list-card-group\">Estatal<\/span><span class=\"contact-list-card-group\">Sector P\u00fablico<\/span><\/div> <div class=\"contact-list-address\"><span class=\"contact-list-address-title\">Address<\/span><span class=\"contact-list-address-country-and-state\">Chilpancingo, Guerrero, M\u00e9xico<\/span><\/div> <div class=\"contact-list-custom-fields-container\"><div class=\"contact-list-custom-field-1\"><div class=\"contact-list-custom-field-value\"><a href=\"https:\/\/www.guerrero.gob.mx\/dependencia\/sector-central\/secretaria-del-bienestar\/\" target=\"_blank\" title=\"https:\/\/www.guerrero.gob.mx\/dependencia\/sector-central\/secretaria-del-bienestar\/\">https:\/\/www.guerrero.gob.mx\/dependencia\/sector-central\/secretaria-del-bienestar\/<\/a><\/div><\/div><\/div>  <div class=\"contact-list-some-elements\"><a href=\"https:\/\/facebook.com\/SDBSGRO\" target=\"_blank\"><img decoding=\"async\" src=\"https:\/\/consejoguerrero.gob.mx\/cpp\/wp-content\/plugins\/contact-list\/public\/..\/img\/facebook.svg\"  alt=\"Facebook\" \/><\/a><a href=\"https:\/\/twitter.com\/SDyBSGro\" target=\"_blank\"><img decoding=\"async\" src=\"https:\/\/consejoguerrero.gob.mx\/cpp\/wp-content\/plugins\/contact-list\/public\/..\/img\/x.svg\" alt=\"X\" \/><\/a><hr class=\"clear\" \/><\/div>   \n      <\/div>\n    \n    <\/div>\n    \n    <div class=\"contact-list-main-right\">\n  \n      <div class=\"contact-list-image contact-list-image-sepia contact-list-image-shadow\"><img decoding=\"async\" src=\"https:\/\/consejoguerrero.gob.mx\/cpp\/wp-content\/uploads\/2023\/05\/Guerrero_Escudo-258x440.png\" alt=\"\" \/><\/div>  \n    <\/div>\n\n    <div class=\"contact-list-main-bottom\">\n    \n          \n    <\/div>\n  \n  <\/div>\n  \n  \n<\/li>\n\n<li id=\"cl-2123\">\n\n    \n  <div class=\"contact-list-contact-container \">\n  \n    <div class=\"contact-list-main-left\">\n      \n      <div class=\"contact-list-main-elements\">\n        \n        <div class=\"contact-list-hidden-name\">de Educaci\u00f3n Secretar\u00eda<\/div><span class=\"contact-list-contact-name\">Secretar\u00eda de Educaci\u00f3n<\/span> <span class=\"contact-list-job-title\"><\/span>    <span class=\"contact-list-contact-groups-v2-title\">Grupos<\/span><div class=\"contact-list-contact-groups-v2\"><span class=\"contact-list-card-group\">Estatal<\/span><span class=\"contact-list-card-group\">Sector P\u00fablico<\/span><\/div> <div class=\"contact-list-address\"><span class=\"contact-list-address-title\">Address<\/span><span class=\"contact-list-address-country-and-state\">Chilpancingo, Guerrero, M\u00e9xico<\/span><\/div> <div class=\"contact-list-custom-fields-container\"><div class=\"contact-list-custom-field-1\"><div class=\"contact-list-custom-field-value\"><a href=\"https:\/\/www.guerrero.gob.mx\/dependencia\/sector-central\/secretaria-de-educacion-guerrero\/\" target=\"_blank\" title=\"https:\/\/www.guerrero.gob.mx\/dependencia\/sector-central\/secretaria-de-educacion-guerrero\/\">https:\/\/www.guerrero.gob.mx\/dependencia\/sector-central\/secretaria-de-educacion-guerrero\/<\/a><\/div><\/div><\/div>  <div class=\"contact-list-some-elements\"><a href=\"https:\/\/www.facebook.com\/EducacionGuerrero\" target=\"_blank\"><img decoding=\"async\" src=\"https:\/\/consejoguerrero.gob.mx\/cpp\/wp-content\/plugins\/contact-list\/public\/..\/img\/facebook.svg\"  alt=\"Facebook\" \/><\/a><a href=\"https:\/\/twitter.com\/EducGuerrero\" target=\"_blank\"><img decoding=\"async\" src=\"https:\/\/consejoguerrero.gob.mx\/cpp\/wp-content\/plugins\/contact-list\/public\/..\/img\/x.svg\" alt=\"X\" \/><\/a><hr class=\"clear\" \/><\/div>   \n      <\/div>\n    \n    <\/div>\n    \n    <div class=\"contact-list-main-right\">\n  \n      <div class=\"contact-list-image contact-list-image-sepia contact-list-image-shadow\"><img decoding=\"async\" src=\"https:\/\/consejoguerrero.gob.mx\/cpp\/wp-content\/uploads\/2023\/05\/Guerrero_Escudo-258x440.png\" alt=\"\" \/><\/div>  \n    <\/div>\n\n    <div class=\"contact-list-main-bottom\">\n    \n          \n    <\/div>\n  \n  <\/div>\n  \n  \n<\/li>\n\n<li id=\"cl-2124\">\n\n    \n  <div class=\"contact-list-contact-container \">\n  \n    <div class=\"contact-list-main-left\">\n      \n      <div class=\"contact-list-main-elements\">\n        \n        <div class=\"contact-list-hidden-name\">de Fomento y Desarrollo Econ\u00f3mico Secretar\u00eda<\/div><span class=\"contact-list-contact-name\">Secretar\u00eda de Fomento y Desarrollo Econ\u00f3mico<\/span> <span class=\"contact-list-job-title\"><\/span>    <span class=\"contact-list-contact-groups-v2-title\">Grupos<\/span><div class=\"contact-list-contact-groups-v2\"><span class=\"contact-list-card-group\">Estatal<\/span><span class=\"contact-list-card-group\">Sector P\u00fablico<\/span><\/div> <div class=\"contact-list-address\"><span class=\"contact-list-address-title\">Address<\/span><span class=\"contact-list-address-country-and-state\">Chilpancingo, Guerrero, M\u00e9xico<\/span><\/div> <div class=\"contact-list-custom-fields-container\"><\/div>  <div class=\"contact-list-some-elements\"><a href=\"https:\/\/www.facebook.com\/profile.php?id=100064731881208\" target=\"_blank\"><img decoding=\"async\" src=\"https:\/\/consejoguerrero.gob.mx\/cpp\/wp-content\/plugins\/contact-list\/public\/..\/img\/facebook.svg\"  alt=\"Facebook\" \/><\/a><a href=\"https:\/\/twitter.com\/sefodecogro?lang=es\" target=\"_blank\"><img decoding=\"async\" src=\"https:\/\/consejoguerrero.gob.mx\/cpp\/wp-content\/plugins\/contact-list\/public\/..\/img\/x.svg\" alt=\"X\" \/><\/a><hr class=\"clear\" \/><\/div>   \n      <\/div>\n    \n    <\/div>\n    \n    <div class=\"contact-list-main-right\">\n  \n      <div class=\"contact-list-image contact-list-image-sepia contact-list-image-shadow\"><img decoding=\"async\" src=\"https:\/\/consejoguerrero.gob.mx\/cpp\/wp-content\/uploads\/2023\/05\/Guerrero_Escudo-258x440.png\" alt=\"\" \/><\/div>  \n    <\/div>\n\n    <div class=\"contact-list-main-bottom\">\n    \n          \n    <\/div>\n  \n  <\/div>\n  \n  \n<\/li>\n\n<li id=\"cl-2139\">\n\n    \n  <div class=\"contact-list-contact-container \">\n  \n    <div class=\"contact-list-main-left\">\n      \n      <div class=\"contact-list-main-elements\">\n        \n        <div class=\"contact-list-hidden-name\">de Guerrero Consejo de C\u00e1maras Industriales y Empresariales<\/div><span class=\"contact-list-contact-name\">Consejo de C\u00e1maras Industriales y Empresariales de Guerrero<\/span> <span class=\"contact-list-job-title\"><\/span>    <span class=\"contact-list-contact-groups-v2-title\">Grupos<\/span><div class=\"contact-list-contact-groups-v2\"><span class=\"contact-list-card-group\">Asociaciones Civiles<\/span><\/div> <div class=\"contact-list-address\"><span class=\"contact-list-address-title\">Address<\/span><span class=\"contact-list-address-country-and-state\">Acapulco, Guerrero, M\u00e9xico<\/span><\/div> <div class=\"contact-list-custom-fields-container\"><div class=\"contact-list-custom-field-1\"><div class=\"contact-list-custom-field-value\"><a href=\"http:\/\/concaingro.mx\" target=\"_blank\" title=\"http:\/\/concaingro.mx\">http:\/\/concaingro.mx<\/a><\/div><\/div><\/div>  <div class=\"contact-list-some-elements\"><a href=\"https:\/\/www.facebook.com\/concaingro\" target=\"_blank\"><img decoding=\"async\" src=\"https:\/\/consejoguerrero.gob.mx\/cpp\/wp-content\/plugins\/contact-list\/public\/..\/img\/facebook.svg\"  alt=\"Facebook\" \/><\/a><a href=\"https:\/\/twitter.com\/concaingro\" target=\"_blank\"><img decoding=\"async\" src=\"https:\/\/consejoguerrero.gob.mx\/cpp\/wp-content\/plugins\/contact-list\/public\/..\/img\/x.svg\" alt=\"X\" \/><\/a><hr class=\"clear\" \/><\/div>   \n      <\/div>\n    \n    <\/div>\n    \n    <div class=\"contact-list-main-right\">\n  \n      <div class=\"contact-list-image contact-list-image-sepia contact-list-image-shadow\"><img decoding=\"async\" src=\"https:\/\/consejoguerrero.gob.mx\/cpp\/wp-content\/uploads\/2023\/05\/nvnZfFh3_400x400-280x280.jpg\" alt=\"\" \/><\/div>  \n    <\/div>\n\n    <div class=\"contact-list-main-bottom\">\n    \n          \n    <\/div>\n  \n  <\/div>\n  \n  \n<\/li>\n\n<li id=\"cl-2131\">\n\n    \n  <div class=\"contact-list-contact-container \">\n  \n    <div class=\"contact-list-main-left\">\n      \n      <div class=\"contact-list-main-elements\">\n        \n        <div class=\"contact-list-hidden-name\">de Guerrero Promotora Tur\u00edstica<\/div><span class=\"contact-list-contact-name\">Promotora Tur\u00edstica de Guerrero<\/span> <span class=\"contact-list-job-title\"><\/span>    <span class=\"contact-list-contact-groups-v2-title\">Grupos<\/span><div class=\"contact-list-contact-groups-v2\"><span class=\"contact-list-card-group\">Estatal<\/span><span class=\"contact-list-card-group\">Sector P\u00fablico<\/span><\/div> <div class=\"contact-list-address\"><span class=\"contact-list-address-title\">Address<\/span><span class=\"contact-list-address-country-and-state\">Acapulco, Guerrero, M\u00e9xico<\/span><\/div> <div class=\"contact-list-custom-fields-container\"><div class=\"contact-list-custom-field-1\"><div class=\"contact-list-custom-field-value\"><a href=\"https:\/\/www.guerrero.gob.mx\/dependencia\/sector-paraestatal\/promotora-turistica-de-guerrero-protur\/\" target=\"_blank\" title=\"https:\/\/www.guerrero.gob.mx\/dependencia\/sector-paraestatal\/promotora-turistica-de-guerrero-protur\/\">https:\/\/www.guerrero.gob.mx\/dependencia\/sector-paraestatal\/promotora-turistica-de-guerrero-protur\/<\/a><\/div><\/div><\/div>  <div class=\"contact-list-some-elements\"><a href=\"https:\/\/www.facebook.com\/ProturGuerrero\" target=\"_blank\"><img decoding=\"async\" src=\"https:\/\/consejoguerrero.gob.mx\/cpp\/wp-content\/plugins\/contact-list\/public\/..\/img\/facebook.svg\"  alt=\"Facebook\" \/><\/a><a href=\"https:\/\/twitter.com\/proturguerrero\" target=\"_blank\"><img decoding=\"async\" src=\"https:\/\/consejoguerrero.gob.mx\/cpp\/wp-content\/plugins\/contact-list\/public\/..\/img\/x.svg\" alt=\"X\" \/><\/a><hr class=\"clear\" \/><\/div>   \n      <\/div>\n    \n    <\/div>\n    \n    <div class=\"contact-list-main-right\">\n  \n      <div class=\"contact-list-image contact-list-image-sepia contact-list-image-shadow\"><img decoding=\"async\" src=\"https:\/\/consejoguerrero.gob.mx\/cpp\/wp-content\/uploads\/2023\/05\/Guerrero_Escudo-258x440.png\" alt=\"\" \/><\/div>  \n    <\/div>\n\n    <div class=\"contact-list-main-bottom\">\n    \n          \n    <\/div>\n  \n  <\/div>\n  \n  \n<\/li>\n\n<li id=\"cl-2136\">\n\n    \n  <div class=\"contact-list-contact-container contact-list-card-full-width\">\n  \n    <div class=\"contact-list-main-left\">\n      \n      <div class=\"contact-list-main-elements\">\n        \n        <div class=\"contact-list-hidden-name\">de Guerrero A.C. Colegio de Arquitectos<\/div><span class=\"contact-list-contact-name\">Colegio de Arquitectos de Guerrero A.C.<\/span> <span class=\"contact-list-job-title\"><\/span>    <span class=\"contact-list-contact-groups-v2-title\">Grupos<\/span><div class=\"contact-list-contact-groups-v2\"><span class=\"contact-list-card-group\">Asociaciones Civiles<\/span><\/div> <div class=\"contact-list-address\"><span class=\"contact-list-address-title\">Address<\/span><\/div> <div class=\"contact-list-custom-fields-container\"><\/div>  <div class=\"contact-list-some-elements\"><a href=\"https:\/\/es-la.facebook.com\/Colegio-de-Arquitectos-de-Guerrero-AC-1324368890955554\/\" target=\"_blank\"><img decoding=\"async\" src=\"https:\/\/consejoguerrero.gob.mx\/cpp\/wp-content\/plugins\/contact-list\/public\/..\/img\/facebook.svg\"  alt=\"Facebook\" \/><\/a><hr class=\"clear\" \/><\/div>   \n      <\/div>\n    \n    <\/div>\n    \n    <div class=\"contact-list-main-right\">\n  \n        \n    <\/div>\n\n    <div class=\"contact-list-main-bottom\">\n    \n          \n    <\/div>\n  \n  <\/div>\n  \n  \n<\/li>\n\n<li id=\"cl-2135\">\n\n    \n  <div class=\"contact-list-contact-container contact-list-card-full-width\">\n  \n    <div class=\"contact-list-main-left\">\n      \n      <div class=\"contact-list-main-elements\">\n        \n        <div class=\"contact-list-hidden-name\">de Guerrero A.C. Colegio de Ingenieros Civiles<\/div><span class=\"contact-list-contact-name\">Colegio de Ingenieros Civiles de Guerrero A.C.<\/span> <span class=\"contact-list-job-title\"><\/span>    <span class=\"contact-list-contact-groups-v2-title\">Grupos<\/span><div class=\"contact-list-contact-groups-v2\"><span class=\"contact-list-card-group\">Asociaciones Civiles<\/span><\/div> <div class=\"contact-list-address\"><span class=\"contact-list-address-title\">Address<\/span><span class=\"contact-list-address-country-and-state\">Acapulco, Guerrero, M\u00e9xico<\/span><\/div> <div class=\"contact-list-custom-fields-container\"><\/div>  <div class=\"contact-list-some-elements\"><a href=\"https:\/\/www.facebook.com\/ColegioDeIngenierosCivilesDeGuerreroAC\" target=\"_blank\"><img decoding=\"async\" src=\"https:\/\/consejoguerrero.gob.mx\/cpp\/wp-content\/plugins\/contact-list\/public\/..\/img\/facebook.svg\"  alt=\"Facebook\" \/><\/a><hr class=\"clear\" \/><\/div>   \n      <\/div>\n    \n    <\/div>\n    \n    <div class=\"contact-list-main-right\">\n  \n        \n    <\/div>\n\n    <div class=\"contact-list-main-bottom\">\n    \n          \n    <\/div>\n  \n  <\/div>\n  \n  \n<\/li>\n\n<li id=\"cl-2116\">\n\n    \n  <div class=\"contact-list-contact-container \">\n  \n    <div class=\"contact-list-main-left\">\n      \n      <div class=\"contact-list-main-elements\">\n        \n        <div class=\"contact-list-hidden-name\">de Iguala H. Ayuntamiento Municipal<\/div><span class=\"contact-list-contact-name\">H. Ayuntamiento Municipal de Iguala<\/span> <span class=\"contact-list-job-title\"><\/span>    <span class=\"contact-list-contact-groups-v2-title\">Grupos<\/span><div class=\"contact-list-contact-groups-v2\"><span class=\"contact-list-card-group\">Municipales<\/span><span class=\"contact-list-card-group\">Sector P\u00fablico<\/span><\/div> <div class=\"contact-list-address\"><span class=\"contact-list-address-title\">Address<\/span><span class=\"contact-list-address-country-and-state\">Iguala, Guerrero, M\u00e9xico<\/span><\/div> <div class=\"contact-list-custom-fields-container\"><div class=\"contact-list-custom-field-1\"><div class=\"contact-list-custom-field-value\"><a href=\"https:\/\/www.iguala.gob.mx\/\" target=\"_blank\" title=\"https:\/\/www.iguala.gob.mx\/\">https:\/\/www.iguala.gob.mx\/<\/a><\/div><\/div><\/div>  <div class=\"contact-list-some-elements\"><a href=\"https:\/\/www.facebook.com\/IgualaOficial\" target=\"_blank\"><img decoding=\"async\" src=\"https:\/\/consejoguerrero.gob.mx\/cpp\/wp-content\/plugins\/contact-list\/public\/..\/img\/facebook.svg\"  alt=\"Facebook\" \/><\/a><a href=\"https:\/\/twitter.com\/igualaoficial\" target=\"_blank\"><img decoding=\"async\" src=\"https:\/\/consejoguerrero.gob.mx\/cpp\/wp-content\/plugins\/contact-list\/public\/..\/img\/x.svg\" alt=\"X\" \/><\/a><hr class=\"clear\" \/><\/div>   \n      <\/div>\n    \n    <\/div>\n    \n    <div class=\"contact-list-main-right\">\n  \n      <div class=\"contact-list-image contact-list-image-sepia contact-list-image-shadow\"><img decoding=\"async\" src=\"https:\/\/consejoguerrero.gob.mx\/cpp\/wp-content\/uploads\/2023\/05\/Escudo_Iguala_Guerrero-280x400.png\" alt=\"\" \/><\/div>  \n    <\/div>\n\n    <div class=\"contact-list-main-bottom\">\n    \n          \n    <\/div>\n  \n  <\/div>\n  \n  \n<\/li>\n\n<li id=\"cl-2112\">\n\n    \n  <div class=\"contact-list-contact-container \">\n  \n    <div class=\"contact-list-main-left\">\n      \n      <div class=\"contact-list-main-elements\">\n        \n        <div class=\"contact-list-hidden-name\">de Juan R. Escudero H. Ayuntamiento<\/div><span class=\"contact-list-contact-name\">H. Ayuntamiento de Juan R. Escudero<\/span> <span class=\"contact-list-job-title\"><\/span>     <div class=\"contact-list-address\"><span class=\"contact-list-address-title\">Address<\/span><span class=\"contact-list-address-country-and-state\">Juan R. Escudero, Guerrero, M\u00e9xico<\/span><\/div> <div class=\"contact-list-custom-fields-container\"><div class=\"contact-list-custom-field-1\"><div class=\"contact-list-custom-field-value\"><a href=\"https:\/\/juan-r-escudero.gob.mx\/\" target=\"_blank\" title=\"https:\/\/juan-r-escudero.gob.mx\/\">https:\/\/juan-r-escudero.gob.mx\/<\/a><\/div><\/div><\/div>  <div class=\"contact-list-some-elements\"><a href=\"https:\/\/www.facebook.com\/JuanREscudero21\/\" target=\"_blank\"><img decoding=\"async\" src=\"https:\/\/consejoguerrero.gob.mx\/cpp\/wp-content\/plugins\/contact-list\/public\/..\/img\/facebook.svg\"  alt=\"Facebook\" \/><\/a><a href=\"https:\/\/twitter.com\/JuanREscudero21\" target=\"_blank\"><img decoding=\"async\" src=\"https:\/\/consejoguerrero.gob.mx\/cpp\/wp-content\/plugins\/contact-list\/public\/..\/img\/x.svg\" alt=\"X\" \/><\/a><hr class=\"clear\" \/><\/div>   \n      <\/div>\n    \n    <\/div>\n    \n    <div class=\"contact-list-main-right\">\n  \n      <div class=\"contact-list-image contact-list-image-sepia contact-list-image-shadow\"><img decoding=\"async\" src=\"https:\/\/consejoguerrero.gob.mx\/cpp\/wp-content\/uploads\/2023\/05\/Foto-76-280x294.png\" alt=\"\" \/><\/div>  \n    <\/div>\n\n    <div class=\"contact-list-main-bottom\">\n    \n          \n    <\/div>\n  \n  <\/div>\n  \n  \n<\/li>\n\n<li id=\"cl-2130\">\n\n    \n  <div class=\"contact-list-contact-container \">\n  \n    <div class=\"contact-list-main-left\">\n      \n      <div class=\"contact-list-main-elements\">\n        \n        <div class=\"contact-list-hidden-name\">de la Propiedad y del Comercio Registro P\u00fablico<\/div><span class=\"contact-list-contact-name\">Registro P\u00fablico de la Propiedad y del Comercio<\/span> <span class=\"contact-list-job-title\"><\/span>    <span class=\"contact-list-contact-groups-v2-title\">Grupos<\/span><div class=\"contact-list-contact-groups-v2\"><span class=\"contact-list-card-group\">Estatal<\/span><span class=\"contact-list-card-group\">Sector P\u00fablico<\/span><\/div> <div class=\"contact-list-address\"><span class=\"contact-list-address-title\">Address<\/span><span class=\"contact-list-address-country-and-state\">Chilpancingo, Guerrero, M\u00e9xico<\/span><\/div> <div class=\"contact-list-custom-fields-container\"><\/div>  <div class=\"contact-list-some-elements\"><hr class=\"clear\" \/><\/div>   \n      <\/div>\n    \n    <\/div>\n    \n    <div class=\"contact-list-main-right\">\n  \n      <div class=\"contact-list-image contact-list-image-sepia contact-list-image-shadow\"><img decoding=\"async\" src=\"https:\/\/consejoguerrero.gob.mx\/cpp\/wp-content\/uploads\/2023\/05\/Guerrero_Escudo-258x440.png\" alt=\"\" \/><\/div>  \n    <\/div>\n\n    <div class=\"contact-list-main-bottom\">\n    \n          \n    <\/div>\n  \n  <\/div>\n  \n  \n<\/li>\n\n<li id=\"cl-2125\">\n\n    \n  <div class=\"contact-list-contact-container \">\n  \n    <div class=\"contact-list-main-left\">\n      \n      <div class=\"contact-list-main-elements\">\n        \n        <div class=\"contact-list-hidden-name\">de Medio Ambiente y Recursos Naturales Secretar\u00eda<\/div><span class=\"contact-list-contact-name\">Secretar\u00eda de Medio Ambiente y Recursos Naturales<\/span> <span class=\"contact-list-job-title\"><\/span>    <span class=\"contact-list-contact-groups-v2-title\">Grupos<\/span><div class=\"contact-list-contact-groups-v2\"><span class=\"contact-list-card-group\">Estatal<\/span><span class=\"contact-list-card-group\">Sector P\u00fablico<\/span><\/div> <div class=\"contact-list-address\"><span class=\"contact-list-address-title\">Address<\/span><span class=\"contact-list-address-country-and-state\">Chilpancingo, Guerrero, M\u00e9xico<\/span><\/div> <div class=\"contact-list-custom-fields-container\"><div class=\"contact-list-custom-field-1\"><div class=\"contact-list-custom-field-value\"><a href=\"https:\/\/www.guerrero.gob.mx\/dependencia\/sector-central\/secretaria-de-medio-ambiente-y-recursos-naturales\/\" target=\"_blank\" title=\"https:\/\/www.guerrero.gob.mx\/dependencia\/sector-central\/secretaria-de-medio-ambiente-y-recursos-naturales\/\">https:\/\/www.guerrero.gob.mx\/dependencia\/sector-central\/secretaria-de-medio-ambiente-y-recursos-naturales\/<\/a><\/div><\/div><\/div>  <div class=\"contact-list-some-elements\"><a href=\"https:\/\/es-la.facebook.com\/semaren.guerrero.3\/posts\/1052877938194654\/\" target=\"_blank\"><img decoding=\"async\" src=\"https:\/\/consejoguerrero.gob.mx\/cpp\/wp-content\/plugins\/contact-list\/public\/..\/img\/facebook.svg\"  alt=\"Facebook\" \/><\/a><a href=\"https:\/\/twitter.com\/SEMARENgro\" target=\"_blank\"><img decoding=\"async\" src=\"https:\/\/consejoguerrero.gob.mx\/cpp\/wp-content\/plugins\/contact-list\/public\/..\/img\/x.svg\" alt=\"X\" \/><\/a><hr class=\"clear\" \/><\/div>   \n      <\/div>\n    \n    <\/div>\n    \n    <div class=\"contact-list-main-right\">\n  \n      <div class=\"contact-list-image contact-list-image-sepia contact-list-image-shadow\"><img decoding=\"async\" src=\"https:\/\/consejoguerrero.gob.mx\/cpp\/wp-content\/uploads\/2023\/05\/Guerrero_Escudo-258x440.png\" alt=\"\" \/><\/div>  \n    <\/div>\n\n    <div class=\"contact-list-main-bottom\">\n    \n          \n    <\/div>\n  \n  <\/div>\n  \n  \n<\/li>\n\n<li id=\"cl-2120\">\n\n    \n  <div class=\"contact-list-contact-container \">\n  \n    <div class=\"contact-list-main-left\">\n      \n      <div class=\"contact-list-main-elements\">\n        \n        <div class=\"contact-list-hidden-name\">de Planeaci\u00f3n y Desarrollo Regional Secretar\u00eda<\/div><span class=\"contact-list-contact-name\">Secretar\u00eda de Planeaci\u00f3n y Desarrollo Regional<\/span> <span class=\"contact-list-job-title\"><\/span>    <span class=\"contact-list-contact-groups-v2-title\">Grupos<\/span><div class=\"contact-list-contact-groups-v2\"><span class=\"contact-list-card-group\">Estatal<\/span><span class=\"contact-list-card-group\">Sector P\u00fablico<\/span><\/div> <div class=\"contact-list-address\"><span class=\"contact-list-address-title\">Address<\/span><span class=\"contact-list-address-country-and-state\">Chilpancingo, Guerrero, M\u00e9xico<\/span><\/div> <div class=\"contact-list-custom-fields-container\"><div class=\"contact-list-custom-field-1\"><div class=\"contact-list-custom-field-value\"><a href=\"https:\/\/www.guerrero.gob.mx\/dependencia\/sector-central\/secretaria-de-planeacion-y-desarrollo-regional\/\" target=\"_blank\" title=\"https:\/\/www.guerrero.gob.mx\/dependencia\/sector-central\/secretaria-de-planeacion-y-desarrollo-regional\/\">https:\/\/www.guerrero.gob.mx\/dependencia\/sector-central\/secretaria-de-planeacion-y-desarrollo-regional\/<\/a><\/div><\/div><\/div>  <div class=\"contact-list-some-elements\"><a href=\"https:\/\/www.facebook.com\/SEPLADER\" target=\"_blank\"><img decoding=\"async\" src=\"https:\/\/consejoguerrero.gob.mx\/cpp\/wp-content\/plugins\/contact-list\/public\/..\/img\/facebook.svg\"  alt=\"Facebook\" \/><\/a><a href=\"https:\/\/twitter.com\/_seplader\" target=\"_blank\"><img decoding=\"async\" src=\"https:\/\/consejoguerrero.gob.mx\/cpp\/wp-content\/plugins\/contact-list\/public\/..\/img\/x.svg\" alt=\"X\" \/><\/a><hr class=\"clear\" \/><\/div>   \n      <\/div>\n    \n    <\/div>\n    \n    <div class=\"contact-list-main-right\">\n  \n      <div class=\"contact-list-image contact-list-image-sepia contact-list-image-shadow\"><img decoding=\"async\" src=\"https:\/\/consejoguerrero.gob.mx\/cpp\/wp-content\/uploads\/2023\/05\/Guerrero_Escudo-258x440.png\" alt=\"\" \/><\/div>  \n    <\/div>\n\n    <div class=\"contact-list-main-bottom\">\n    \n          \n    <\/div>\n  \n  <\/div>\n  \n  \n<\/li>\n\n<li id=\"cl-2127\">\n\n    \n  <div class=\"contact-list-contact-container \">\n  \n    <div class=\"contact-list-main-left\">\n      \n      <div class=\"contact-list-main-elements\">\n        \n        <div class=\"contact-list-hidden-name\">de Protecci\u00f3n Civil Secretar\u00eda<\/div><span class=\"contact-list-contact-name\">Secretar\u00eda de Protecci\u00f3n Civil<\/span> <span class=\"contact-list-job-title\"><\/span>    <span class=\"contact-list-contact-groups-v2-title\">Grupos<\/span><div class=\"contact-list-contact-groups-v2\"><span class=\"contact-list-card-group\">Estatal<\/span><span class=\"contact-list-card-group\">Sector P\u00fablico<\/span><\/div> <div class=\"contact-list-address\"><span class=\"contact-list-address-title\">Address<\/span><span class=\"contact-list-address-country-and-state\">Chilpancingo, Guerrero, M\u00e9xico<\/span><\/div> <div class=\"contact-list-custom-fields-container\"><div class=\"contact-list-custom-field-1\"><div class=\"contact-list-custom-field-value\"><a href=\"http:\/\/proteccioncivil.guerrero.gob.mx\/\" target=\"_blank\" title=\"http:\/\/proteccioncivil.guerrero.gob.mx\/\">http:\/\/proteccioncivil.guerrero.gob.mx\/<\/a><\/div><\/div><\/div>  <div class=\"contact-list-some-elements\"><a href=\"https:\/\/www.facebook.com\/SGIRPCGro\/\" target=\"_blank\"><img decoding=\"async\" src=\"https:\/\/consejoguerrero.gob.mx\/cpp\/wp-content\/plugins\/contact-list\/public\/..\/img\/facebook.svg\"  alt=\"Facebook\" \/><\/a><a href=\"https:\/\/twitter.com\/PC_Guerrero\" target=\"_blank\"><img decoding=\"async\" src=\"https:\/\/consejoguerrero.gob.mx\/cpp\/wp-content\/plugins\/contact-list\/public\/..\/img\/x.svg\" alt=\"X\" \/><\/a><hr class=\"clear\" \/><\/div>   \n      <\/div>\n    \n    <\/div>\n    \n    <div class=\"contact-list-main-right\">\n  \n      <div class=\"contact-list-image contact-list-image-sepia contact-list-image-shadow\"><img decoding=\"async\" src=\"https:\/\/consejoguerrero.gob.mx\/cpp\/wp-content\/uploads\/2023\/05\/Guerrero_Escudo-258x440.png\" alt=\"\" \/><\/div>  \n    <\/div>\n\n    <div class=\"contact-list-main-bottom\">\n    \n          \n    <\/div>\n  \n  <\/div>\n  \n  \n<\/li>\n\n<li id=\"cl-2114\">\n\n    \n  <div class=\"contact-list-contact-container \">\n  \n    <div class=\"contact-list-main-left\">\n      \n      <div class=\"contact-list-main-elements\">\n        \n        <div class=\"contact-list-hidden-name\">de Tecpan de Galeana H. Ayuntamiento<\/div><span class=\"contact-list-contact-name\">H. Ayuntamiento de Tecpan de Galeana<\/span> <span class=\"contact-list-job-title\"><\/span>    <span class=\"contact-list-contact-groups-v2-title\">Grupos<\/span><div class=\"contact-list-contact-groups-v2\"><span class=\"contact-list-card-group\">Municipales<\/span><span class=\"contact-list-card-group\">Sector P\u00fablico<\/span><\/div> <div class=\"contact-list-address\"><span class=\"contact-list-address-title\">Address<\/span><span class=\"contact-list-address-country-and-state\">Tecpan de Galeana, Guerrero, M\u00e9xico<\/span><\/div> <div class=\"contact-list-custom-fields-container\"><div class=\"contact-list-custom-field-1\"><div class=\"contact-list-custom-field-value\"><a href=\"https:\/\/ayuntamientotecpan.gob.mx\/\" target=\"_blank\" title=\"https:\/\/ayuntamientotecpan.gob.mx\/\">https:\/\/ayuntamientotecpan.gob.mx\/<\/a><\/div><\/div><\/div>  <div class=\"contact-list-some-elements\"><a href=\"\" target=\"_blank\"><img decoding=\"async\" src=\"https:\/\/consejoguerrero.gob.mx\/cpp\/wp-content\/plugins\/contact-list\/public\/..\/img\/facebook.svg\"  alt=\"Facebook\" \/><\/a><a href=\"https:\/\/twitter.com\/gobiernotecpan\" target=\"_blank\"><img decoding=\"async\" src=\"https:\/\/consejoguerrero.gob.mx\/cpp\/wp-content\/plugins\/contact-list\/public\/..\/img\/x.svg\" alt=\"X\" \/><\/a><hr class=\"clear\" \/><\/div>   \n      <\/div>\n    \n    <\/div>\n    \n    <div class=\"contact-list-main-right\">\n  \n      <div class=\"contact-list-image contact-list-image-sepia contact-list-image-shadow\"><img decoding=\"async\" src=\"https:\/\/consejoguerrero.gob.mx\/cpp\/wp-content\/uploads\/2023\/05\/tecpan.jpg\" alt=\"\" \/><\/div>  \n    <\/div>\n\n    <div class=\"contact-list-main-bottom\">\n    \n          \n    <\/div>\n  \n  <\/div>\n  \n  \n<\/li>\n\n<li id=\"cl-2126\">\n\n    \n  <div class=\"contact-list-contact-container \">\n  \n    <div class=\"contact-list-main-left\">\n      \n      <div class=\"contact-list-main-elements\">\n        \n        <div class=\"contact-list-hidden-name\">de Turismo Secretar\u00eda<\/div><span class=\"contact-list-contact-name\">Secretar\u00eda de Turismo<\/span> <span class=\"contact-list-job-title\"><\/span>    <span class=\"contact-list-contact-groups-v2-title\">Grupos<\/span><div class=\"contact-list-contact-groups-v2\"><span class=\"contact-list-card-group\">Estatal<\/span><span class=\"contact-list-card-group\">Sector P\u00fablico<\/span><\/div> <div class=\"contact-list-address\"><span class=\"contact-list-address-title\">Address<\/span><span class=\"contact-list-address-country-and-state\">Chilpancingo, Guerrero, M\u00e9xico<\/span><\/div> <div class=\"contact-list-custom-fields-container\"><div class=\"contact-list-custom-field-1\"><div class=\"contact-list-custom-field-value\"><a href=\"https:\/\/www.guerrero.gob.mx\/dependencia\/sector-central\/secretaria-de-turismo\/\" target=\"_blank\" title=\"https:\/\/www.guerrero.gob.mx\/dependencia\/sector-central\/secretaria-de-turismo\/\">https:\/\/www.guerrero.gob.mx\/dependencia\/sector-central\/secretaria-de-turismo\/<\/a><\/div><\/div><\/div>  <div class=\"contact-list-some-elements\"><a href=\"https:\/\/www.facebook.com\/SecturGuerrero\" target=\"_blank\"><img decoding=\"async\" src=\"https:\/\/consejoguerrero.gob.mx\/cpp\/wp-content\/plugins\/contact-list\/public\/..\/img\/facebook.svg\"  alt=\"Facebook\" \/><\/a><a href=\"https:\/\/twitter.com\/Sectur_Guerrero\" target=\"_blank\"><img decoding=\"async\" src=\"https:\/\/consejoguerrero.gob.mx\/cpp\/wp-content\/plugins\/contact-list\/public\/..\/img\/x.svg\" alt=\"X\" \/><\/a><hr class=\"clear\" \/><\/div>   \n      <\/div>\n    \n    <\/div>\n    \n    <div class=\"contact-list-main-right\">\n  \n      <div class=\"contact-list-image contact-list-image-sepia contact-list-image-shadow\"><img decoding=\"async\" src=\"https:\/\/consejoguerrero.gob.mx\/cpp\/wp-content\/uploads\/2023\/05\/Guerrero_Escudo-258x440.png\" alt=\"\" \/><\/div>  \n    <\/div>\n\n    <div class=\"contact-list-main-bottom\">\n    \n          \n    <\/div>\n  \n  <\/div>\n  \n  \n<\/li>\n\n<li id=\"cl-2133\">\n\n    \n  <div class=\"contact-list-contact-container \">\n  \n    <div class=\"contact-list-main-left\">\n      \n      <div class=\"contact-list-main-elements\">\n        \n        <div class=\"contact-list-hidden-name\">del Cocotero Consejo Estatal<\/div><span class=\"contact-list-contact-name\">Consejo Estatal del Cocotero<\/span> <span class=\"contact-list-job-title\"><\/span>    <span class=\"contact-list-contact-groups-v2-title\">Grupos<\/span><div class=\"contact-list-contact-groups-v2\"><span class=\"contact-list-card-group\">Estatal<\/span><span class=\"contact-list-card-group\">Sector P\u00fablico<\/span><\/div> <div class=\"contact-list-address\"><span class=\"contact-list-address-title\">Address<\/span><span class=\"contact-list-address-country-and-state\">Tecpan de Galeana, Guerrero, M\u00e9xico<\/span><\/div> <div class=\"contact-list-custom-fields-container\"><div class=\"contact-list-custom-field-1\"><div class=\"contact-list-custom-field-value\"><a href=\"https:\/\/www.guerrero.gob.mx\/dependencia\/sector-paraestatal\/consejo-estatal-del-cocotero\/\" target=\"_blank\" title=\"https:\/\/www.guerrero.gob.mx\/dependencia\/sector-paraestatal\/consejo-estatal-del-cocotero\/\">https:\/\/www.guerrero.gob.mx\/dependencia\/sector-paraestatal\/consejo-estatal-del-cocotero\/<\/a><\/div><\/div><\/div>  <div class=\"contact-list-some-elements\"><hr class=\"clear\" \/><\/div>   \n      <\/div>\n    \n    <\/div>\n    \n    <div class=\"contact-list-main-right\">\n  \n      <div class=\"contact-list-image contact-list-image-sepia contact-list-image-shadow\"><img decoding=\"async\" src=\"https:\/\/consejoguerrero.gob.mx\/cpp\/wp-content\/uploads\/2023\/05\/Guerrero_Escudo-258x440.png\" alt=\"\" \/><\/div>  \n    <\/div>\n\n    <div class=\"contact-list-main-bottom\">\n    \n          \n    <\/div>\n  \n  <\/div>\n  \n  \n<\/li>\n\n<li id=\"cl-2134\">\n\n    \n  <div class=\"contact-list-contact-container contact-list-card-full-width\">\n  \n    <div class=\"contact-list-main-left\">\n      \n      <div class=\"contact-list-main-elements\">\n        \n        <div class=\"contact-list-hidden-name\">del Estado de Guerrero Colegio de Contadores P\u00fablicos<\/div><span class=\"contact-list-contact-name\">Colegio de Contadores P\u00fablicos del Estado de Guerrero<\/span> <span class=\"contact-list-job-title\"><\/span>    <span class=\"contact-list-contact-groups-v2-title\">Grupos<\/span><div class=\"contact-list-contact-groups-v2\"><span class=\"contact-list-card-group\">Asociaciones Civiles<\/span><\/div> <div class=\"contact-list-address\"><span class=\"contact-list-address-title\">Address<\/span><span class=\"contact-list-address-country-and-state\">Acapulco, Guerrero, M\u00e9xico<\/span><\/div> <div class=\"contact-list-custom-fields-container\"><div class=\"contact-list-custom-field-1\"><div class=\"contact-list-custom-field-value\"><a href=\"http:\/\/www.ccpgro.org.mx\/\" target=\"_blank\" title=\"http:\/\/www.ccpgro.org.mx\/\">http:\/\/www.ccpgro.org.mx\/<\/a><\/div><\/div><\/div>  <div class=\"contact-list-some-elements\"><a href=\"https:\/\/www.facebook.com\/CCPEGRO\" target=\"_blank\"><img decoding=\"async\" src=\"https:\/\/consejoguerrero.gob.mx\/cpp\/wp-content\/plugins\/contact-list\/public\/..\/img\/facebook.svg\"  alt=\"Facebook\" \/><\/a><a href=\"https:\/\/twitter.com\/ccpegro\" target=\"_blank\"><img decoding=\"async\" src=\"https:\/\/consejoguerrero.gob.mx\/cpp\/wp-content\/plugins\/contact-list\/public\/..\/img\/x.svg\" alt=\"X\" \/><\/a><hr class=\"clear\" \/><\/div>   \n      <\/div>\n    \n    <\/div>\n    \n    <div class=\"contact-list-main-right\">\n  \n        \n    <\/div>\n\n    <div class=\"contact-list-main-bottom\">\n    \n          \n    <\/div>\n  \n  <\/div>\n  \n  \n<\/li>\n\n<li id=\"cl-1788\">\n\n    \n  <div class=\"contact-list-contact-container \">\n  \n    <div class=\"contact-list-main-left\">\n      \n      <div class=\"contact-list-main-elements\">\n        \n        <div class=\"contact-list-hidden-name\">Neri Vela Dr. Rodolfo<\/div><span class=\"contact-list-contact-name\">Dr. Rodolfo Neri Vela<\/span> <span class=\"contact-list-job-title\">Doctor en ingenier\u00eda. Primer astronauta mexicano en ir en misi\u00f3n espacial de la NASA.<\/span>    <span class=\"contact-list-contact-groups-v2-title\">Grupos<\/span><div class=\"contact-list-contact-groups-v2\"><span class=\"contact-list-card-group\">Personas Distinguidas<\/span><\/div> <div class=\"contact-list-address\"><span class=\"contact-list-address-title\">Address<\/span><span class=\"contact-list-address-country-and-state\">Guerrero, M\u00e9xico<\/span><\/div> <div class=\"contact-list-custom-fields-container\"><div class=\"contact-list-custom-field-1\"><div class=\"contact-list-custom-field-value\"><a href=\"http:\/\/rodolfonerivela.com\/\" target=\"_blank\" title=\"http:\/\/rodolfonerivela.com\/\">http:\/\/rodolfonerivela.com\/<\/a><\/div><\/div><\/div>  <div class=\"contact-list-some-elements\"><a href=\"https:\/\/www.facebook.com\/RodolfoNeriVelaDr\/\" target=\"_blank\"><img decoding=\"async\" src=\"https:\/\/consejoguerrero.gob.mx\/cpp\/wp-content\/plugins\/contact-list\/public\/..\/img\/facebook.svg\"  alt=\"Facebook\" \/><\/a><a href=\"https:\/\/www.instagram.com\/rodol_foneri\" target=\"_blank\"><img decoding=\"async\" src=\"https:\/\/consejoguerrero.gob.mx\/cpp\/wp-content\/plugins\/contact-list\/public\/..\/img\/instagram.svg\" alt=\"Instagram\" \/><\/a><a href=\"https:\/\/twitter.com\/dr_neri_vela\" target=\"_blank\"><img decoding=\"async\" src=\"https:\/\/consejoguerrero.gob.mx\/cpp\/wp-content\/plugins\/contact-list\/public\/..\/img\/x.svg\" alt=\"X\" \/><\/a><hr class=\"clear\" \/><\/div>   \n      <\/div>\n    \n    <\/div>\n    \n    <div class=\"contact-list-main-right\">\n  \n      <div class=\"contact-list-image contact-list-image-sepia contact-list-image-shadow\"><img decoding=\"async\" src=\"https:\/\/consejoguerrero.gob.mx\/cpp\/wp-content\/uploads\/2022\/11\/dr_-rodolfo-neri-vela-300x350-1-280x327.jpg\" alt=\"\" \/><\/div>  \n    <\/div>\n\n    <div class=\"contact-list-main-bottom\">\n    \n          \n    <\/div>\n  \n  <\/div>\n  \n  \n<\/li>\n\n<li id=\"cl-1695\">\n\n    \n  <div class=\"contact-list-contact-container \">\n  \n    <div class=\"contact-list-main-left\">\n      \n      <div class=\"contact-list-main-elements\">\n        \n        <div class=\"contact-list-hidden-name\">Silva Hern\u00e1ndez Ibq. Arlette Pamela<\/div><span class=\"contact-list-contact-name\">Ibq. Arlette Pamela Silva Hern\u00e1ndez<\/span> <span class=\"contact-list-job-title\">Organo Asesor del CPP<\/span>    <span class=\"contact-list-contact-groups-v2-title\">Grupos<\/span><div class=\"contact-list-contact-groups-v2\"><span class=\"contact-list-card-group\">Personas Distinguidas<\/span><\/div> <div class=\"contact-list-address\"><span class=\"contact-list-address-title\">Address<\/span><span class=\"contact-list-address-country-and-state\">Acapulco, Guerrero, M\u00e9xico<\/span><\/div> <div class=\"contact-list-custom-fields-container\"><\/div>  <div class=\"contact-list-some-elements\"><a href=\"https:\/\/www.facebook.com\/ArletteSilvaHernandez\/\" target=\"_blank\"><img decoding=\"async\" src=\"https:\/\/consejoguerrero.gob.mx\/cpp\/wp-content\/plugins\/contact-list\/public\/..\/img\/facebook.svg\"  alt=\"Facebook\" \/><\/a><a href=\"https:\/\/mx.linkedin.com\/in\/arlettepamelasilvahernandez\" target=\"_blank\"><img decoding=\"async\" src=\"https:\/\/consejoguerrero.gob.mx\/cpp\/wp-content\/plugins\/contact-list\/public\/..\/img\/linkedin.svg\" alt=\"LinkedIn\" \/><\/a><hr class=\"clear\" \/><\/div>   \n      <\/div>\n    \n    <\/div>\n    \n    <div class=\"contact-list-main-right\">\n  \n      <div class=\"contact-list-image contact-list-image-sepia contact-list-image-shadow\"><img decoding=\"async\" src=\"https:\/\/consejoguerrero.gob.mx\/cpp\/wp-content\/uploads\/2022\/08\/pic-220319018-280x194.jpg\" alt=\"\" \/><\/div>  \n    <\/div>\n\n    <div class=\"contact-list-main-bottom\">\n    \n          \n    <\/div>\n  \n  <\/div>\n  \n  \n<\/li>\n\n<li id=\"cl-2132\">\n\n    \n  <div class=\"contact-list-contact-container \">\n  \n    <div class=\"contact-list-main-left\">\n      \n      <div class=\"contact-list-main-elements\">\n        \n        <div class=\"contact-list-hidden-name\">Tur\u00edstica de Acapulco Fideicomiso para la Promoci\u00f3n<\/div><span class=\"contact-list-contact-name\">Fideicomiso para la Promoci\u00f3n Tur\u00edstica de Acapulco<\/span> <span class=\"contact-list-job-title\"><\/span>    <span class=\"contact-list-contact-groups-v2-title\">Grupos<\/span><div class=\"contact-list-contact-groups-v2\"><span class=\"contact-list-card-group\">Estatal<\/span><span class=\"contact-list-card-group\">Sector P\u00fablico<\/span><\/div> <div class=\"contact-list-address\"><span class=\"contact-list-address-title\">Address<\/span><\/div> <div class=\"contact-list-custom-fields-container\"><div class=\"contact-list-custom-field-1\"><div class=\"contact-list-custom-field-value\"><a href=\"http:\/\/fideturacapulco.mx\/\" target=\"_blank\" title=\"http:\/\/fideturacapulco.mx\/\">http:\/\/fideturacapulco.mx\/<\/a><\/div><\/div><\/div>  <div class=\"contact-list-some-elements\"><a href=\"https:\/\/www.facebook.com\/fideturacapulco\" target=\"_blank\"><img decoding=\"async\" src=\"https:\/\/consejoguerrero.gob.mx\/cpp\/wp-content\/plugins\/contact-list\/public\/..\/img\/facebook.svg\"  alt=\"Facebook\" \/><\/a><a href=\"https:\/\/twitter.com\/FideturAcapulco\" target=\"_blank\"><img decoding=\"async\" src=\"https:\/\/consejoguerrero.gob.mx\/cpp\/wp-content\/plugins\/contact-list\/public\/..\/img\/x.svg\" alt=\"X\" \/><\/a><hr class=\"clear\" \/><\/div>   \n      <\/div>\n    \n    <\/div>\n    \n    <div class=\"contact-list-main-right\">\n  \n      <div class=\"contact-list-image contact-list-image-sepia contact-list-image-shadow\"><img decoding=\"async\" src=\"https:\/\/consejoguerrero.gob.mx\/cpp\/wp-content\/uploads\/2023\/05\/Guerrero_Escudo-258x440.png\" alt=\"\" \/><\/div>  \n    <\/div>\n\n    <div class=\"contact-list-main-bottom\">\n    \n          \n    <\/div>\n  \n  <\/div>\n  \n  \n<\/li>\n<\/ul><hr class=\"clear\" \/><div id=\"contact-list-nothing-found\">No contacts found.<\/div><\/div><\/div><\/div><\/div>\n","protected":false},"excerpt":{"rendered":"<p>\u00d3rgano asesor del Consejo Guerrero<\/p>\n","protected":false},"author":1,"featured_media":0,"parent":0,"menu_order":0,"comment_status":"closed","ping_status":"closed","template":"template-fullwidth.php","meta":{"advgb_blocks_editor_width":"","advgb_blocks_columns_visual_guide":"","editor_plus_copied_stylings":"{}","footnotes":""},"class_list":["post-1703","page","type-page","status-publish","hentry"],"aioseo_notices":[],"featured_image_src":"","featured_image_src_square":false,"rbea_author_info":{"display_name":"webadmin","author_link":"https:\/\/consejoguerrero.gob.mx\/cpp\/author\/webadmin"},"rbea_excerpt_info":"\u00d3rgano asesor del Consejo Guerrero","coauthors":[],"author_meta":{"author_link":"https:\/\/consejoguerrero.gob.mx\/cpp\/author\/webadmin","display_name":"webadmin"},"relative_dates":{"created":"Publicado 4 a\u00f1os hace","modified":"Actualizado 3 a\u00f1os hace"},"absolute_dates":{"created":"Publicado el agosto 31, 2022","modified":"Actualizado el mayo 23, 2023"},"absolute_dates_time":{"created":"Publicado el agosto 31, 2022 4:40 am","modified":"Actualizado el mayo 23, 2023 6:06 pm"},"featured_img_caption":"","featured_img":false,"series_order":"","_links":{"self":[{"href":"https:\/\/consejoguerrero.gob.mx\/cpp\/wp-json\/wp\/v2\/pages\/1703","targetHints":{"allow":["GET"]}}],"collection":[{"href":"https:\/\/consejoguerrero.gob.mx\/cpp\/wp-json\/wp\/v2\/pages"}],"about":[{"href":"https:\/\/consejoguerrero.gob.mx\/cpp\/wp-json\/wp\/v2\/types\/page"}],"author":[{"embeddable":true,"href":"https:\/\/consejoguerrero.gob.mx\/cpp\/wp-json\/wp\/v2\/users\/1"}],"replies":[{"embeddable":true,"href":"https:\/\/consejoguerrero.gob.mx\/cpp\/wp-json\/wp\/v2\/comments?post=1703"}],"version-history":[{"count":4,"href":"https:\/\/consejoguerrero.gob.mx\/cpp\/wp-json\/wp\/v2\/pages\/1703\/revisions"}],"predecessor-version":[{"id":2242,"href":"https:\/\/consejoguerrero.gob.mx\/cpp\/wp-json\/wp\/v2\/pages\/1703\/revisions\/2242"}],"wp:attachment":[{"href":"https:\/\/consejoguerrero.gob.mx\/cpp\/wp-json\/wp\/v2\/media?parent=1703"}],"curies":[{"name":"wp","href":"https:\/\/api.w.org\/{rel}","templated":true}]}}